{"id":14,"date":"2026-01-13T21:23:56","date_gmt":"2026-01-14T00:23:56","guid":{"rendered":"https:\/\/everestdesign.com.br\/homologa\/fotobeco\/?page_id=14"},"modified":"2026-01-22T15:10:58","modified_gmt":"2026-01-22T18:10:58","slug":"sobre","status":"publish","type":"page","link":"https:\/\/everestdesign.com.br\/homologa\/fotobeco\/sobre\/","title":{"rendered":"Sobre"},"content":{"rendered":"\n<h2 class=\"wp-block-heading has-large-font-size\" id=\"inspiro-is-a-digital-product-agency-that-focuses-on-strategy-and-design\" style=\"font-style:normal;font-weight:100\"><strong>A Galeria S\u00e9rgio Silva foi fundada em 2023, com o prop\u00f3sito de transformar obras de arte em fotografia em realidade.<\/strong><\/h2>\n\n\n\n<p class=\"wp-block-paragraph\" style=\"font-size:clamp(15.747px, 0.984rem + ((1vw - 3.2px) * 0.73), 24px);\">Buscamos ampliar a compreens\u00e3o e o acesso a espa\u00e7os p\u00fablicos por meio de exposi\u00e7\u00f5es e vendas de trabalhos art\u00edsticos.<\/p>\n\n\n\n<p class=\"wp-block-paragraph\" style=\"font-size:clamp(15.747px, 0.984rem + ((1vw - 3.2px) * 0.73), 24px);\">Os fot\u00f3grafos <strong>L\u00e9u Britto<\/strong> e <strong>Rog\u00e9rio Vieira<\/strong>, fundadores da galeria, t\u00eam como objetivo promover tudo relacionado \u00e0 fotografia. Eles iniciaram essa miss\u00e3o ao escolher o nome da galeria como uma homenagem em vida a outro fot\u00f3grafo.<\/p>\n\n\n\n<div style=\"height:30px\" aria-hidden=\"true\" class=\"wp-block-spacer\"><\/div>\n\n\n\n<div class=\"wp-block-media-text is-stacked-on-mobile is-vertically-aligned-center\" style=\"margin-top:0;margin-bottom:0;padding-top:0;padding-right:0;padding-bottom:0;padding-left:0;grid-template-columns:25% auto\"><figure class=\"wp-block-media-text__media\"><img fetchpriority=\"high\" decoding=\"async\" width=\"866\" height=\"1200\" src=\"https:\/\/everestdesign.com.br\/homologa\/fotobeco\/wp-content\/uploads\/2026\/01\/memoria-ocular-sergio-silva.png\" alt=\"\" class=\"wp-image-7187 size-full\" srcset=\"https:\/\/everestdesign.com.br\/homologa\/fotobeco\/wp-content\/uploads\/2026\/01\/memoria-ocular-sergio-silva.png 866w, https:\/\/everestdesign.com.br\/homologa\/fotobeco\/wp-content\/uploads\/2026\/01\/memoria-ocular-sergio-silva-217x300.png 217w, https:\/\/everestdesign.com.br\/homologa\/fotobeco\/wp-content\/uploads\/2026\/01\/memoria-ocular-sergio-silva-739x1024.png 739w\" sizes=\"(max-width: 866px) 100vw, 866px\" \/><\/figure><div class=\"wp-block-media-text__content\">\n<p class=\"wp-block-paragraph\" style=\"padding-right:0;padding-left:0;font-size:clamp(15.747px, 0.984rem + ((1vw - 3.2px) * 0.73), 24px);\">Celebramos a vida e o trabalho do artista e fot\u00f3grafo S\u00e9rgio Silva, coautor do livro <strong>&#8220;Mem\u00f3ria Ocular: cenas de um estado que cega&#8221;<\/strong>. O livro relata a viol\u00eancia de estado vivida pelo fot\u00f3grafo em 13 de julho de 2013, quando perdeu o olho esquerdo ap\u00f3s ser atingido por uma bala de borracha durante o exerc\u00edcio de sua profiss\u00e3o, o deixando cego de um olho para sempre!<\/p>\n<\/div><\/div>\n\n\n\n<blockquote class=\"wp-block-quote is-style-default has-x-small-font-size is-layout-flow wp-block-quote-is-layout-flow\">\n<p class=\"has-large-font-size wp-block-paragraph\">Nossa inten\u00e7\u00e3o com esta galeria \u00e9 apresentar o trabalho de profissionais que v\u00eam das periferias, t\u00eam produ\u00e7\u00e3o independente e desejam destacar suas fotografias no mercado nacional e internacional.<\/p>\n<\/blockquote>\n\n\n\n<div style=\"height:100px\" aria-hidden=\"true\" class=\"wp-block-spacer\"><\/div>\n\n\n\n<div class=\"wp-block-group has-global-padding is-content-justification-center is-layout-constrained wp-block-group-is-layout-constrained\">\n<div class=\"wp-block-columns is-layout-flex wp-container-core-columns-is-layout-2d97ee44 wp-block-columns-is-layout-flex\">\n<div class=\"wp-block-column is-vertically-aligned-top is-layout-flow wp-block-column-is-layout-flow\" style=\"flex-basis:33.34%\">\n<figure data-wp-context=\"{&quot;imageId&quot;:&quot;6a9be4af6785a&quot;}\" data-wp-interactive=\"core\/image\" data-wp-key=\"6a9be4af6785a\" class=\"wp-block-image size-large wp-lightbox-container\"><img decoding=\"async\" width=\"683\" height=\"1024\" data-wp-class--hide=\"state.isContentHidden\" data-wp-class--show=\"state.isContentVisible\" data-wp-init=\"callbacks.setButtonStyles\" data-wp-on--click=\"actions.showLightbox\" data-wp-on--load=\"callbacks.setButtonStyles\" data-wp-on--pointerdown=\"actions.preloadImage\" data-wp-on--pointerenter=\"actions.preloadImageWithDelay\" data-wp-on--pointerleave=\"actions.cancelPreload\" data-wp-on-window--resize=\"callbacks.setButtonStyles\" src=\"https:\/\/everestdesign.com.br\/homologa\/fotobeco\/wp-content\/uploads\/2026\/01\/rogerio-vieira-galeria-sergio-silva-1-683x1024.png\" alt=\"\" class=\"wp-image-7181\" style=\"object-fit:cover\" srcset=\"https:\/\/everestdesign.com.br\/homologa\/fotobeco\/wp-content\/uploads\/2026\/01\/rogerio-vieira-galeria-sergio-silva-1-683x1024.png 683w, https:\/\/everestdesign.com.br\/homologa\/fotobeco\/wp-content\/uploads\/2026\/01\/rogerio-vieira-galeria-sergio-silva-1-200x300.png 200w, https:\/\/everestdesign.com.br\/homologa\/fotobeco\/wp-content\/uploads\/2026\/01\/rogerio-vieira-galeria-sergio-silva-1.png 1080w\" sizes=\"(max-width: 683px) 100vw, 683px\" \/><button\n\t\t\tclass=\"lightbox-trigger\"\n\t\t\ttype=\"button\"\n\t\t\taria-haspopup=\"dialog\"\n\t\t\tdata-wp-bind--aria-label=\"state.thisImage.triggerButtonAriaLabel\"\n\t\t\tdata-wp-init=\"callbacks.initTriggerButton\"\n\t\t\tdata-wp-on--click=\"actions.showLightbox\"\n\t\t\tdata-wp-style--right=\"state.thisImage.buttonRight\"\n\t\t\tdata-wp-style--top=\"state.thisImage.buttonTop\"\n\t\t>\n\t\t\t<svg xmlns=\"http:\/\/www.w3.org\/2000\/svg\" width=\"12\" height=\"12\" fill=\"none\" viewBox=\"0 0 12 12\">\n\t\t\t\t<path fill=\"#fff\" d=\"M2 0a2 2 0 0 0-2 2v2h1.5V2a.5.5 0 0 1 .5-.5h2V0H2Zm2 10.5H2a.5.5 0 0 1-.5-.5V8H0v2a2 2 0 0 0 2 2h2v-1.5ZM8 12v-1.5h2a.5.5 0 0 0 .5-.5V8H12v2a2 2 0 0 1-2 2H8Zm2-12a2 2 0 0 1 2 2v2h-1.5V2a.5.5 0 0 0-.5-.5H8V0h2Z\" \/>\n\t\t\t<\/svg>\n\t\t<\/button><\/figure>\n\n\n\n<p class=\"has-black-color has-text-color has-medium-font-size wp-block-paragraph\">Rog\u00e9rio Vieira<\/p>\n\n\n\n<p class=\"has-text-color wp-block-paragraph\" style=\"color:#7a7a7a\">Lorem ipsum dolor sit amet, consectetur adipiscing elit. Aenean rutrum, eros non sollicitudin tempor, quam odio interdum velit, eget egestas orci mi nec leo. Nam ac condimentum eros, eu facilisis sapien.<\/p>\n<\/div>\n\n\n\n<div class=\"wp-block-column is-vertically-aligned-top is-layout-flow wp-block-column-is-layout-flow\" style=\"flex-basis:33.34%\">\n<figure data-wp-context=\"{&quot;imageId&quot;:&quot;6a9be4af67b10&quot;}\" data-wp-interactive=\"core\/image\" data-wp-key=\"6a9be4af67b10\" class=\"wp-block-image size-large wp-duotone-rgb999-ccc-1 wp-lightbox-container\"><img decoding=\"async\" width=\"683\" height=\"1024\" data-wp-class--hide=\"state.isContentHidden\" data-wp-class--show=\"state.isContentVisible\" data-wp-init=\"callbacks.setButtonStyles\" data-wp-on--click=\"actions.showLightbox\" data-wp-on--load=\"callbacks.setButtonStyles\" data-wp-on--pointerdown=\"actions.preloadImage\" data-wp-on--pointerenter=\"actions.preloadImageWithDelay\" data-wp-on--pointerleave=\"actions.cancelPreload\" data-wp-on-window--resize=\"callbacks.setButtonStyles\" src=\"https:\/\/everestdesign.com.br\/homologa\/fotobeco\/wp-content\/uploads\/2026\/01\/rogerio-vieira-galeria-sergio-silva-1-683x1024.png\" alt=\"\" class=\"wp-image-7181\" style=\"object-fit:cover\" srcset=\"https:\/\/everestdesign.com.br\/homologa\/fotobeco\/wp-content\/uploads\/2026\/01\/rogerio-vieira-galeria-sergio-silva-1-683x1024.png 683w, https:\/\/everestdesign.com.br\/homologa\/fotobeco\/wp-content\/uploads\/2026\/01\/rogerio-vieira-galeria-sergio-silva-1-200x300.png 200w, https:\/\/everestdesign.com.br\/homologa\/fotobeco\/wp-content\/uploads\/2026\/01\/rogerio-vieira-galeria-sergio-silva-1.png 1080w\" sizes=\"(max-width: 683px) 100vw, 683px\" \/><button\n\t\t\tclass=\"lightbox-trigger\"\n\t\t\ttype=\"button\"\n\t\t\taria-haspopup=\"dialog\"\n\t\t\tdata-wp-bind--aria-label=\"state.thisImage.triggerButtonAriaLabel\"\n\t\t\tdata-wp-init=\"callbacks.initTriggerButton\"\n\t\t\tdata-wp-on--click=\"actions.showLightbox\"\n\t\t\tdata-wp-style--right=\"state.thisImage.buttonRight\"\n\t\t\tdata-wp-style--top=\"state.thisImage.buttonTop\"\n\t\t>\n\t\t\t<svg xmlns=\"http:\/\/www.w3.org\/2000\/svg\" width=\"12\" height=\"12\" fill=\"none\" viewBox=\"0 0 12 12\">\n\t\t\t\t<path fill=\"#fff\" d=\"M2 0a2 2 0 0 0-2 2v2h1.5V2a.5.5 0 0 1 .5-.5h2V0H2Zm2 10.5H2a.5.5 0 0 1-.5-.5V8H0v2a2 2 0 0 0 2 2h2v-1.5ZM8 12v-1.5h2a.5.5 0 0 0 .5-.5V8H12v2a2 2 0 0 1-2 2H8Zm2-12a2 2 0 0 1 2 2v2h-1.5V2a.5.5 0 0 0-.5-.5H8V0h2Z\" \/>\n\t\t\t<\/svg>\n\t\t<\/button><\/figure>\n\n\n\n<p class=\"has-black-color has-text-color has-medium-font-size wp-block-paragraph\">Leu Britto<\/p>\n\n\n\n<p class=\"has-text-color wp-block-paragraph\" style=\"color:#7a7a7a\">Lorem ipsum dolor sit amet, consectetur adipiscing elit. Aenean rutrum, eros non sollicitudin tempor, quam odio interdum velit, eget egestas orci mi nec leo. Nam ac condimentum eros, eu facilisis sapien.<\/p>\n<\/div>\n\n\n\n<div class=\"wp-block-column is-layout-flow wp-block-column-is-layout-flow\" style=\"flex-basis:33.33%\"><\/div>\n<\/div>\n<\/div>\n\n\n\n<div style=\"height:100px\" aria-hidden=\"true\" class=\"wp-block-spacer\"><\/div>\n\n\n\n<figure class=\"wp-block-embed is-type-video is-provider-youtube wp-block-embed-youtube wp-embed-aspect-16-9 wp-has-aspect-ratio\"><div class=\"wp-block-embed__wrapper\">\n<iframe title=\"FotoBeco: O Primeiro Festival de Fotografia Dentro de Uma Favela \u2014 A Periferia \u00e9 o Centro!\" width=\"950\" height=\"534\" src=\"https:\/\/www.youtube.com\/embed\/7lUGaE-Lzxk?feature=oembed\" frameborder=\"0\" allow=\"accelerometer; autoplay; clipboard-write; encrypted-media; gyroscope; picture-in-picture; web-share\" referrerpolicy=\"strict-origin-when-cross-origin\" allowfullscreen><\/iframe>\n<\/div><\/figure>\n\n\n\n<div style=\"height:120px\" aria-hidden=\"true\" class=\"wp-block-spacer\"><\/div>\n\n\n\n<p class=\"wp-block-paragraph\"><\/p>\n","protected":false},"excerpt":{"rendered":"<p>A Galeria S\u00e9rgio Silva foi fundada em 2023, com o prop\u00f3sito de transformar obras de arte em fotografia em realidade. Buscamos ampliar a compreens\u00e3o e o acesso a espa\u00e7os p\u00fablicos por meio de exposi\u00e7\u00f5es e vendas de trabalhos art\u00edsticos. Os fot\u00f3grafos L\u00e9u Britto e Rog\u00e9rio Vieira, fundadores da galeria, t\u00eam como objetivo promover tudo relacionado &hellip; <\/p>\n<p class=\"link-more\"><a href=\"https:\/\/everestdesign.com.br\/homologa\/fotobeco\/sobre\/\" class=\"more-link\">Leia mais<span class=\"screen-reader-text\"> &#8220;Sobre&#8221;<\/span><\/a><\/p>\n","protected":false},"author":1,"featured_media":7243,"parent":0,"menu_order":0,"comment_status":"closed","ping_status":"closed","template":"","meta":{"_eb_attr":"","_uag_custom_page_level_css":"","footnotes":""},"class_list":["post-14","page","type-page","status-publish","has-post-thumbnail","hentry"],"uagb_featured_image_src":{"full":["https:\/\/everestdesign.com.br\/homologa\/fotobeco\/wp-content\/uploads\/2026\/01\/header-internas-galeria-sergio-silva.jpg",1500,535,false],"thumbnail":["https:\/\/everestdesign.com.br\/homologa\/fotobeco\/wp-content\/uploads\/2026\/01\/header-internas-galeria-sergio-silva-150x150.jpg",150,150,true],"medium":["https:\/\/everestdesign.com.br\/homologa\/fotobeco\/wp-content\/uploads\/2026\/01\/header-internas-galeria-sergio-silva-300x107.jpg",300,107,true],"medium_large":["https:\/\/everestdesign.com.br\/homologa\/fotobeco\/wp-content\/uploads\/2026\/01\/header-internas-galeria-sergio-silva.jpg",768,274,false],"large":["https:\/\/everestdesign.com.br\/homologa\/fotobeco\/wp-content\/uploads\/2026\/01\/header-internas-galeria-sergio-silva-1024x365.jpg",950,339,true],"1536x1536":["https:\/\/everestdesign.com.br\/homologa\/fotobeco\/wp-content\/uploads\/2026\/01\/header-internas-galeria-sergio-silva.jpg",1500,535,false],"2048x2048":["https:\/\/everestdesign.com.br\/homologa\/fotobeco\/wp-content\/uploads\/2026\/01\/header-internas-galeria-sergio-silva.jpg",1500,535,false],"inspiro-featured-image":["https:\/\/everestdesign.com.br\/homologa\/fotobeco\/wp-content\/uploads\/2026\/01\/header-internas-galeria-sergio-silva.jpg",1500,535,false],"inspiro-loop":["https:\/\/everestdesign.com.br\/homologa\/fotobeco\/wp-content\/uploads\/2026\/01\/header-internas-galeria-sergio-silva-950x320.jpg",950,320,true],"inspiro-loop@2x":["https:\/\/everestdesign.com.br\/homologa\/fotobeco\/wp-content\/uploads\/2026\/01\/header-internas-galeria-sergio-silva.jpg",1500,535,false],"portfolio_item-thumbnail":["https:\/\/everestdesign.com.br\/homologa\/fotobeco\/wp-content\/uploads\/2026\/01\/header-internas-galeria-sergio-silva-600x400.jpg",600,400,true],"portfolio_item-thumbnail@2x":["https:\/\/everestdesign.com.br\/homologa\/fotobeco\/wp-content\/uploads\/2026\/01\/header-internas-galeria-sergio-silva-1200x535.jpg",1200,535,true],"portfolio_item-masonry":["https:\/\/everestdesign.com.br\/homologa\/fotobeco\/wp-content\/uploads\/2026\/01\/header-internas-galeria-sergio-silva-600x214.jpg",600,214,true],"portfolio_item-masonry@2x":["https:\/\/everestdesign.com.br\/homologa\/fotobeco\/wp-content\/uploads\/2026\/01\/header-internas-galeria-sergio-silva-1200x428.jpg",1200,428,true],"portfolio_item-thumbnail_cinema":["https:\/\/everestdesign.com.br\/homologa\/fotobeco\/wp-content\/uploads\/2026\/01\/header-internas-galeria-sergio-silva-800x335.jpg",800,335,true],"portfolio_item-thumbnail_portrait":["https:\/\/everestdesign.com.br\/homologa\/fotobeco\/wp-content\/uploads\/2026\/01\/header-internas-galeria-sergio-silva-600x535.jpg",600,535,true],"portfolio_item-thumbnail_portrait@2x":["https:\/\/everestdesign.com.br\/homologa\/fotobeco\/wp-content\/uploads\/2026\/01\/header-internas-galeria-sergio-silva-1200x535.jpg",1200,535,true],"portfolio_item-thumbnail_square":["https:\/\/everestdesign.com.br\/homologa\/fotobeco\/wp-content\/uploads\/2026\/01\/header-internas-galeria-sergio-silva-800x535.jpg",800,535,true]},"uagb_author_info":{"display_name":"everest","author_link":"https:\/\/everestdesign.com.br\/homologa\/fotobeco\/author\/everest\/"},"uagb_comment_info":0,"uagb_excerpt":"A Galeria S\u00e9rgio Silva foi fundada em 2023, com o prop\u00f3sito de transformar obras de arte em fotografia em realidade. Buscamos ampliar a compreens\u00e3o e o acesso a espa\u00e7os p\u00fablicos por meio de exposi\u00e7\u00f5es e vendas de trabalhos art\u00edsticos. Os fot\u00f3grafos L\u00e9u Britto e Rog\u00e9rio Vieira, fundadores da galeria, t\u00eam como objetivo promover tudo relacionado&hellip;","featured_media_urls":{"thumbnail":["https:\/\/everestdesign.com.br\/homologa\/fotobeco\/wp-content\/uploads\/2026\/01\/header-internas-galeria-sergio-silva-150x150.jpg",150,150,true],"medium":["https:\/\/everestdesign.com.br\/homologa\/fotobeco\/wp-content\/uploads\/2026\/01\/header-internas-galeria-sergio-silva-300x107.jpg",300,107,true],"medium_large":["https:\/\/everestdesign.com.br\/homologa\/fotobeco\/wp-content\/uploads\/2026\/01\/header-internas-galeria-sergio-silva.jpg",768,274,false],"large":["https:\/\/everestdesign.com.br\/homologa\/fotobeco\/wp-content\/uploads\/2026\/01\/header-internas-galeria-sergio-silva-1024x365.jpg",950,339,true],"1536x1536":["https:\/\/everestdesign.com.br\/homologa\/fotobeco\/wp-content\/uploads\/2026\/01\/header-internas-galeria-sergio-silva.jpg",1500,535,false],"2048x2048":["https:\/\/everestdesign.com.br\/homologa\/fotobeco\/wp-content\/uploads\/2026\/01\/header-internas-galeria-sergio-silva.jpg",1500,535,false],"inspiro-featured-image":["https:\/\/everestdesign.com.br\/homologa\/fotobeco\/wp-content\/uploads\/2026\/01\/header-internas-galeria-sergio-silva.jpg",1500,535,false],"inspiro-loop":["https:\/\/everestdesign.com.br\/homologa\/fotobeco\/wp-content\/uploads\/2026\/01\/header-internas-galeria-sergio-silva-950x320.jpg",950,320,true],"inspiro-loop@2x":["https:\/\/everestdesign.com.br\/homologa\/fotobeco\/wp-content\/uploads\/2026\/01\/header-internas-galeria-sergio-silva.jpg",1500,535,false],"portfolio_item-thumbnail":["https:\/\/everestdesign.com.br\/homologa\/fotobeco\/wp-content\/uploads\/2026\/01\/header-internas-galeria-sergio-silva-600x400.jpg",600,400,true],"portfolio_item-thumbnail@2x":["https:\/\/everestdesign.com.br\/homologa\/fotobeco\/wp-content\/uploads\/2026\/01\/header-internas-galeria-sergio-silva-1200x535.jpg",1200,535,true],"portfolio_item-masonry":["https:\/\/everestdesign.com.br\/homologa\/fotobeco\/wp-content\/uploads\/2026\/01\/header-internas-galeria-sergio-silva-600x214.jpg",600,214,true],"portfolio_item-masonry@2x":["https:\/\/everestdesign.com.br\/homologa\/fotobeco\/wp-content\/uploads\/2026\/01\/header-internas-galeria-sergio-silva-1200x428.jpg",1200,428,true],"portfolio_item-thumbnail_cinema":["https:\/\/everestdesign.com.br\/homologa\/fotobeco\/wp-content\/uploads\/2026\/01\/header-internas-galeria-sergio-silva-800x335.jpg",800,335,true],"portfolio_item-thumbnail_portrait":["https:\/\/everestdesign.com.br\/homologa\/fotobeco\/wp-content\/uploads\/2026\/01\/header-internas-galeria-sergio-silva-600x535.jpg",600,535,true],"portfolio_item-thumbnail_portrait@2x":["https:\/\/everestdesign.com.br\/homologa\/fotobeco\/wp-content\/uploads\/2026\/01\/header-internas-galeria-sergio-silva-1200x535.jpg",1200,535,true],"portfolio_item-thumbnail_square":["https:\/\/everestdesign.com.br\/homologa\/fotobeco\/wp-content\/uploads\/2026\/01\/header-internas-galeria-sergio-silva-800x535.jpg",800,535,true]},"_links":{"self":[{"href":"https:\/\/everestdesign.com.br\/homologa\/fotobeco\/wp-json\/wp\/v2\/pages\/14","targetHints":{"allow":["GET"]}}],"collection":[{"href":"https:\/\/everestdesign.com.br\/homologa\/fotobeco\/wp-json\/wp\/v2\/pages"}],"about":[{"href":"https:\/\/everestdesign.com.br\/homologa\/fotobeco\/wp-json\/wp\/v2\/types\/page"}],"author":[{"embeddable":true,"href":"https:\/\/everestdesign.com.br\/homologa\/fotobeco\/wp-json\/wp\/v2\/users\/1"}],"replies":[{"embeddable":true,"href":"https:\/\/everestdesign.com.br\/homologa\/fotobeco\/wp-json\/wp\/v2\/comments?post=14"}],"version-history":[{"count":79,"href":"https:\/\/everestdesign.com.br\/homologa\/fotobeco\/wp-json\/wp\/v2\/pages\/14\/revisions"}],"predecessor-version":[{"id":7289,"href":"https:\/\/everestdesign.com.br\/homologa\/fotobeco\/wp-json\/wp\/v2\/pages\/14\/revisions\/7289"}],"wp:featuredmedia":[{"embeddable":true,"href":"https:\/\/everestdesign.com.br\/homologa\/fotobeco\/wp-json\/wp\/v2\/media\/7243"}],"wp:attachment":[{"href":"https:\/\/everestdesign.com.br\/homologa\/fotobeco\/wp-json\/wp\/v2\/media?parent=14"}],"curies":[{"name":"wp","href":"https:\/\/api.w.org\/{rel}","templated":true}]}}