{"id":5746,"date":"2020-09-29T13:03:56","date_gmt":"2020-09-29T16:03:56","guid":{"rendered":"https:\/\/demo.wpzoom.com\/inspiro-video\/?post_type=portfolio_item&#038;p=5746"},"modified":"2026-02-04T20:33:04","modified_gmt":"2026-02-04T23:33:04","slug":"edicao-3","status":"publish","type":"portfolio_item","link":"https:\/\/everestdesign.com.br\/homologa\/fotobeco\/projeto\/edicao-3\/","title":{"rendered":"FOTOBECO EDI\u00c7\u00c3O 3"},"content":{"rendered":"\n<div style=\"margin-top:0;height:20px;width:0px\" aria-hidden=\"true\" class=\"wp-block-spacer uag-hide-tab uag-hide-mob\"><\/div>\n\n\n\n<div class=\"wp-block-group alignfull no-margin is-horizontal is-content-justification-center is-nowrap is-layout-flex wp-container-core-group-is-layout-5792317d wp-block-group-is-layout-flex\" style=\"padding-top:0px;padding-right:0px;padding-bottom:0px;padding-left:0px\">\n<div class=\"wp-block-media-text alignwide has-media-on-the-right is-stacked-on-mobile\" style=\"margin-top:-20px;padding-top:0px;padding-bottom:0px\"><div class=\"wp-block-media-text__content\">\n<div style=\"height:40px\" aria-hidden=\"true\" class=\"wp-block-spacer uag-hide-desktop uag-hide-tab\"><\/div>\n\n\n\n<div class=\"wp-block-uagb-advanced-heading uagb-block-4b77c984\"><h2 class=\"uagb-heading-text\">RAFA Rojas<\/h2><\/div>\n\n\n\n<div class=\"wp-block-uagb-advanced-heading uagb-block-494a6946\"><h4 class=\"uagb-heading-text\">Santo Andr\u00e9, SP, 1989<\/h4><\/div>\n\n\n\n<div class=\"wp-block-uagb-advanced-heading uagb-block-8c50f438\"><h4 class=\"uagb-heading-text\">Fot\u00f3grafo, Curador e Editor<\/h4><\/div>\n\n\n\n<div style=\"height:20px\" aria-hidden=\"true\" class=\"wp-block-spacer\"><\/div>\n\n\n\n<p class=\"wp-block-paragraph\">Em 2021, publicou o livro Underground Stories, em 2022, cocriou a revista Imagem Vertigem, em 2023, foi editor do livro Minhoc\u00e3o de cima a baixo\u201d e tamb\u00e9m editor e curador da revista Imagem Vertigem #2.<\/p>\n\n\n\n<p class=\"wp-block-paragraph\">Participou das exposi\u00e7\u00f5es Mirares \u2013 Longevidade e Mirares \u2013 Fotografia Urbana nos anos de 2021 e 2023, respectivamente.<\/p>\n\n\n\n<p class=\"wp-block-paragraph\">J\u00e1 teve trabalho publicado nos peri\u00f3dicos LensCulture, Noice Magazine, Street Photography Magazine, PhotoVogue, The Avenue Magazine, BROAD Magazine, Reset Chile, Revista Ampolleta Roja, al\u00e9m de outras publica\u00e7\u00f5es e exposi\u00e7\u00f5es<br>brasileiras.<\/p>\n<\/div><figure class=\"wp-block-media-text__media\"><img fetchpriority=\"high\" decoding=\"async\" width=\"709\" height=\"827\" src=\"https:\/\/everestdesign.com.br\/homologa\/fotobeco\/wp-content\/uploads\/2020\/09\/rafa-rojas.webp\" alt=\"\" class=\"wp-image-7593 size-full\" srcset=\"https:\/\/everestdesign.com.br\/homologa\/fotobeco\/wp-content\/uploads\/2020\/09\/rafa-rojas.webp 709w, https:\/\/everestdesign.com.br\/homologa\/fotobeco\/wp-content\/uploads\/2020\/09\/rafa-rojas-257x300.webp 257w\" sizes=\"(max-width: 709px) 100vw, 709px\" \/><\/figure><\/div>\n<\/div>\n\n\n\n<div style=\"height:90px\" aria-hidden=\"true\" class=\"wp-block-spacer uag-hide-tab uag-hide-mob\"><\/div>\n\n\n\n<div style=\"height:30px\" aria-hidden=\"true\" class=\"wp-block-spacer uag-hide-desktop\"><\/div>\n\n\n\n<div class=\"wp-block-group alignfull is-content-justification-center is-nowrap is-layout-flex wp-container-core-group-is-layout-897d7bc7 wp-block-group-is-layout-flex\" style=\"padding-top:0px;padding-right:0px;padding-bottom:0px;padding-left:0px\">\t\t\t\t\t<div\n\t\t\t\t\t\tclass=\"wp-block-uagb-image-gallery uagb-block-9647fedf no-margim    \"\n\t\t\t\t\t\tstyle=\"\"\n\t\t\t\t\t>\n\t\t\t\t\t\t\t\t\t\t\t<div data-aos= \"fade\" data-aos-duration=\"400\" data-aos-delay=\"0\" data-aos-easing=\"ease\" data-aos-once=\"true\" class=\"spectra-image-gallery spectra-image-gallery__layout--tiled spectra-image-gallery__layout--tiled-col-3 spectra-image-gallery__layout--tiled-col-tab-3 spectra-image-gallery__layout--tiled-col-mob-3\">\n\t\t\t\t\t\t\t\t\t\t\t<div class=\"spectra-image-gallery__media-wrapper\" data-spectra-gallery-image-id=\"7485\" tabindex=\"0\">\n\t\t\t\t\t\t\t<div class=\"spectra-image-gallery__media spectra-image-gallery__media--tiled\">\n\t\t\t\t<picture>\n\t\t\t\t\t<source media=\"(min-width: 1024px)\" srcset=\"https:\/\/everestdesign.com.br\/homologa\/fotobeco\/wp-content\/uploads\/2026\/01\/Rafa-Rojas_MIS-7-683x1024.webp\">\n\t\t\t\t\t<source media=\"(min-width: 768px)\" srcset=\"https:\/\/everestdesign.com.br\/homologa\/fotobeco\/wp-content\/uploads\/2026\/01\/Rafa-Rojas_MIS-7-683x1024.webp\">\n\t\t\t\t\t<img decoding=\"async\" class=\"spectra-image-gallery__media-thumbnail spectra-image-gallery__media-thumbnail--tiled\" src=\"https:\/\/everestdesign.com.br\/homologa\/fotobeco\/wp-content\/uploads\/2026\/01\/Rafa-Rojas_MIS-7-150x150.webp\" alt=\"\" \/>\n\t\t\t\t<\/picture>\n\t\t\t\t<div class=\"spectra-image-gallery__media-thumbnail-blurrer\"><\/div>\n\t\t\t\t\t\t\t\t\t\t\t<div class=\"spectra-image-gallery__media-thumbnail-caption-wrapper spectra-image-gallery__media-thumbnail-caption-wrapper--overlay\">\n\t\t\t\t\t\t\t\t\t\t\t<div class=\"spectra-image-gallery__media-thumbnail-caption spectra-image-gallery__media-thumbnail-caption--overlay\">\n\t\t\t\t\t+\t\t\t\t<\/div>\n\t\t\t\t\t\t\t\t\t\t<\/div>\n\t\t\t\t\t\t\t\t\t<\/div>\n\t\t\t\t\t\t<\/div>\n\t\t\t\t\t\t<div class=\"spectra-image-gallery__media-wrapper\" data-spectra-gallery-image-id=\"7484\" tabindex=\"0\">\n\t\t\t\t\t\t\t<div class=\"spectra-image-gallery__media spectra-image-gallery__media--tiled\">\n\t\t\t\t<picture>\n\t\t\t\t\t<source media=\"(min-width: 1024px)\" srcset=\"https:\/\/everestdesign.com.br\/homologa\/fotobeco\/wp-content\/uploads\/2026\/01\/Rafa-Rojas_MIS-9-768x1024.webp\">\n\t\t\t\t\t<source media=\"(min-width: 768px)\" srcset=\"https:\/\/everestdesign.com.br\/homologa\/fotobeco\/wp-content\/uploads\/2026\/01\/Rafa-Rojas_MIS-9-768x1024.webp\">\n\t\t\t\t\t<img decoding=\"async\" class=\"spectra-image-gallery__media-thumbnail spectra-image-gallery__media-thumbnail--tiled\" src=\"https:\/\/everestdesign.com.br\/homologa\/fotobeco\/wp-content\/uploads\/2026\/01\/Rafa-Rojas_MIS-9-150x150.webp\" alt=\"\" \/>\n\t\t\t\t<\/picture>\n\t\t\t\t<div class=\"spectra-image-gallery__media-thumbnail-blurrer\"><\/div>\n\t\t\t\t\t\t\t\t\t\t\t<div class=\"spectra-image-gallery__media-thumbnail-caption-wrapper spectra-image-gallery__media-thumbnail-caption-wrapper--overlay\">\n\t\t\t\t\t\t\t\t\t\t\t<div class=\"spectra-image-gallery__media-thumbnail-caption spectra-image-gallery__media-thumbnail-caption--overlay\">\n\t\t\t\t\t+\t\t\t\t<\/div>\n\t\t\t\t\t\t\t\t\t\t<\/div>\n\t\t\t\t\t\t\t\t\t<\/div>\n\t\t\t\t\t\t<\/div>\n\t\t\t\t\t\t<div class=\"spectra-image-gallery__media-wrapper\" data-spectra-gallery-image-id=\"7483\" tabindex=\"0\">\n\t\t\t\t\t\t\t<div class=\"spectra-image-gallery__media spectra-image-gallery__media--tiled\">\n\t\t\t\t<picture>\n\t\t\t\t\t<source media=\"(min-width: 1024px)\" srcset=\"https:\/\/everestdesign.com.br\/homologa\/fotobeco\/wp-content\/uploads\/2026\/01\/Rafa-Rojas_MIS-5-683x1024.webp\">\n\t\t\t\t\t<source media=\"(min-width: 768px)\" srcset=\"https:\/\/everestdesign.com.br\/homologa\/fotobeco\/wp-content\/uploads\/2026\/01\/Rafa-Rojas_MIS-5-683x1024.webp\">\n\t\t\t\t\t<img decoding=\"async\" class=\"spectra-image-gallery__media-thumbnail spectra-image-gallery__media-thumbnail--tiled\" src=\"https:\/\/everestdesign.com.br\/homologa\/fotobeco\/wp-content\/uploads\/2026\/01\/Rafa-Rojas_MIS-5-150x150.webp\" alt=\"\" \/>\n\t\t\t\t<\/picture>\n\t\t\t\t<div class=\"spectra-image-gallery__media-thumbnail-blurrer\"><\/div>\n\t\t\t\t\t\t\t\t\t\t\t<div class=\"spectra-image-gallery__media-thumbnail-caption-wrapper spectra-image-gallery__media-thumbnail-caption-wrapper--overlay\">\n\t\t\t\t\t\t\t\t\t\t\t<div class=\"spectra-image-gallery__media-thumbnail-caption spectra-image-gallery__media-thumbnail-caption--overlay\">\n\t\t\t\t\t+\t\t\t\t<\/div>\n\t\t\t\t\t\t\t\t\t\t<\/div>\n\t\t\t\t\t\t\t\t\t<\/div>\n\t\t\t\t\t\t<\/div>\n\t\t\t\t\t\t<div class=\"spectra-image-gallery__media-wrapper\" data-spectra-gallery-image-id=\"7482\" tabindex=\"0\">\n\t\t\t\t\t\t\t<div class=\"spectra-image-gallery__media spectra-image-gallery__media--tiled\">\n\t\t\t\t<picture>\n\t\t\t\t\t<source media=\"(min-width: 1024px)\" srcset=\"https:\/\/everestdesign.com.br\/homologa\/fotobeco\/wp-content\/uploads\/2026\/01\/Rafa-Rojas_MIS-4-683x1024.webp\">\n\t\t\t\t\t<source media=\"(min-width: 768px)\" srcset=\"https:\/\/everestdesign.com.br\/homologa\/fotobeco\/wp-content\/uploads\/2026\/01\/Rafa-Rojas_MIS-4-683x1024.webp\">\n\t\t\t\t\t<img decoding=\"async\" class=\"spectra-image-gallery__media-thumbnail spectra-image-gallery__media-thumbnail--tiled\" src=\"https:\/\/everestdesign.com.br\/homologa\/fotobeco\/wp-content\/uploads\/2026\/01\/Rafa-Rojas_MIS-4-150x150.webp\" alt=\"\" \/>\n\t\t\t\t<\/picture>\n\t\t\t\t<div class=\"spectra-image-gallery__media-thumbnail-blurrer\"><\/div>\n\t\t\t\t\t\t\t\t\t\t\t<div class=\"spectra-image-gallery__media-thumbnail-caption-wrapper spectra-image-gallery__media-thumbnail-caption-wrapper--overlay\">\n\t\t\t\t\t\t\t\t\t\t\t<div class=\"spectra-image-gallery__media-thumbnail-caption spectra-image-gallery__media-thumbnail-caption--overlay\">\n\t\t\t\t\t+\t\t\t\t<\/div>\n\t\t\t\t\t\t\t\t\t\t<\/div>\n\t\t\t\t\t\t\t\t\t<\/div>\n\t\t\t\t\t\t<\/div>\n\t\t\t\t\t\t<div class=\"spectra-image-gallery__media-wrapper\" data-spectra-gallery-image-id=\"7481\" tabindex=\"0\">\n\t\t\t\t\t\t\t<div class=\"spectra-image-gallery__media spectra-image-gallery__media--tiled\">\n\t\t\t\t<picture>\n\t\t\t\t\t<source media=\"(min-width: 1024px)\" srcset=\"https:\/\/everestdesign.com.br\/homologa\/fotobeco\/wp-content\/uploads\/2026\/01\/Rafa-Rojas_MIS-11-1024x683.webp\">\n\t\t\t\t\t<source media=\"(min-width: 768px)\" srcset=\"https:\/\/everestdesign.com.br\/homologa\/fotobeco\/wp-content\/uploads\/2026\/01\/Rafa-Rojas_MIS-11-1024x683.webp\">\n\t\t\t\t\t<img decoding=\"async\" class=\"spectra-image-gallery__media-thumbnail spectra-image-gallery__media-thumbnail--tiled\" src=\"https:\/\/everestdesign.com.br\/homologa\/fotobeco\/wp-content\/uploads\/2026\/01\/Rafa-Rojas_MIS-11-150x150.webp\" alt=\"\" \/>\n\t\t\t\t<\/picture>\n\t\t\t\t<div class=\"spectra-image-gallery__media-thumbnail-blurrer\"><\/div>\n\t\t\t\t\t\t\t\t\t\t\t<div class=\"spectra-image-gallery__media-thumbnail-caption-wrapper spectra-image-gallery__media-thumbnail-caption-wrapper--overlay\">\n\t\t\t\t\t\t\t\t\t\t\t<div class=\"spectra-image-gallery__media-thumbnail-caption spectra-image-gallery__media-thumbnail-caption--overlay\">\n\t\t\t\t\t+\t\t\t\t<\/div>\n\t\t\t\t\t\t\t\t\t\t<\/div>\n\t\t\t\t\t\t\t\t\t<\/div>\n\t\t\t\t\t\t<\/div>\n\t\t\t\t\t\t<div class=\"spectra-image-gallery__media-wrapper\" data-spectra-gallery-image-id=\"7480\" tabindex=\"0\">\n\t\t\t\t\t\t\t<div class=\"spectra-image-gallery__media spectra-image-gallery__media--tiled\">\n\t\t\t\t<picture>\n\t\t\t\t\t<source media=\"(min-width: 1024px)\" srcset=\"https:\/\/everestdesign.com.br\/homologa\/fotobeco\/wp-content\/uploads\/2026\/01\/Rafa-Rojas_MIS-8-683x1024.webp\">\n\t\t\t\t\t<source media=\"(min-width: 768px)\" srcset=\"https:\/\/everestdesign.com.br\/homologa\/fotobeco\/wp-content\/uploads\/2026\/01\/Rafa-Rojas_MIS-8-683x1024.webp\">\n\t\t\t\t\t<img decoding=\"async\" class=\"spectra-image-gallery__media-thumbnail spectra-image-gallery__media-thumbnail--tiled\" src=\"https:\/\/everestdesign.com.br\/homologa\/fotobeco\/wp-content\/uploads\/2026\/01\/Rafa-Rojas_MIS-8-150x150.webp\" alt=\"\" \/>\n\t\t\t\t<\/picture>\n\t\t\t\t<div class=\"spectra-image-gallery__media-thumbnail-blurrer\"><\/div>\n\t\t\t\t\t\t\t\t\t\t\t<div class=\"spectra-image-gallery__media-thumbnail-caption-wrapper spectra-image-gallery__media-thumbnail-caption-wrapper--overlay\">\n\t\t\t\t\t\t\t\t\t\t\t<div class=\"spectra-image-gallery__media-thumbnail-caption spectra-image-gallery__media-thumbnail-caption--overlay\">\n\t\t\t\t\t+\t\t\t\t<\/div>\n\t\t\t\t\t\t\t\t\t\t<\/div>\n\t\t\t\t\t\t\t\t\t<\/div>\n\t\t\t\t\t\t<\/div>\n\t\t\t\t\t\t<div class=\"spectra-image-gallery__media-wrapper\" data-spectra-gallery-image-id=\"7479\" tabindex=\"0\">\n\t\t\t\t\t\t\t<div class=\"spectra-image-gallery__media spectra-image-gallery__media--tiled\">\n\t\t\t\t<picture>\n\t\t\t\t\t<source media=\"(min-width: 1024px)\" srcset=\"https:\/\/everestdesign.com.br\/homologa\/fotobeco\/wp-content\/uploads\/2026\/01\/Rafa-Rojas_MIS-6-683x1024.webp\">\n\t\t\t\t\t<source media=\"(min-width: 768px)\" srcset=\"https:\/\/everestdesign.com.br\/homologa\/fotobeco\/wp-content\/uploads\/2026\/01\/Rafa-Rojas_MIS-6-683x1024.webp\">\n\t\t\t\t\t<img decoding=\"async\" class=\"spectra-image-gallery__media-thumbnail spectra-image-gallery__media-thumbnail--tiled\" src=\"https:\/\/everestdesign.com.br\/homologa\/fotobeco\/wp-content\/uploads\/2026\/01\/Rafa-Rojas_MIS-6-150x150.webp\" alt=\"\" \/>\n\t\t\t\t<\/picture>\n\t\t\t\t<div class=\"spectra-image-gallery__media-thumbnail-blurrer\"><\/div>\n\t\t\t\t\t\t\t\t\t\t\t<div class=\"spectra-image-gallery__media-thumbnail-caption-wrapper spectra-image-gallery__media-thumbnail-caption-wrapper--overlay\">\n\t\t\t\t\t\t\t\t\t\t\t<div class=\"spectra-image-gallery__media-thumbnail-caption spectra-image-gallery__media-thumbnail-caption--overlay\">\n\t\t\t\t\t+\t\t\t\t<\/div>\n\t\t\t\t\t\t\t\t\t\t<\/div>\n\t\t\t\t\t\t\t\t\t<\/div>\n\t\t\t\t\t\t<\/div>\n\t\t\t\t\t\t<div class=\"spectra-image-gallery__media-wrapper\" data-spectra-gallery-image-id=\"7478\" tabindex=\"0\">\n\t\t\t\t\t\t\t<div class=\"spectra-image-gallery__media spectra-image-gallery__media--tiled\">\n\t\t\t\t<picture>\n\t\t\t\t\t<source media=\"(min-width: 1024px)\" srcset=\"https:\/\/everestdesign.com.br\/homologa\/fotobeco\/wp-content\/uploads\/2026\/01\/Rafa-Rojas_MIS-13-683x1024.webp\">\n\t\t\t\t\t<source media=\"(min-width: 768px)\" srcset=\"https:\/\/everestdesign.com.br\/homologa\/fotobeco\/wp-content\/uploads\/2026\/01\/Rafa-Rojas_MIS-13-683x1024.webp\">\n\t\t\t\t\t<img decoding=\"async\" class=\"spectra-image-gallery__media-thumbnail spectra-image-gallery__media-thumbnail--tiled\" src=\"https:\/\/everestdesign.com.br\/homologa\/fotobeco\/wp-content\/uploads\/2026\/01\/Rafa-Rojas_MIS-13-150x150.webp\" alt=\"\" \/>\n\t\t\t\t<\/picture>\n\t\t\t\t<div class=\"spectra-image-gallery__media-thumbnail-blurrer\"><\/div>\n\t\t\t\t\t\t\t\t\t\t\t<div class=\"spectra-image-gallery__media-thumbnail-caption-wrapper spectra-image-gallery__media-thumbnail-caption-wrapper--overlay\">\n\t\t\t\t\t\t\t\t\t\t\t<div class=\"spectra-image-gallery__media-thumbnail-caption spectra-image-gallery__media-thumbnail-caption--overlay\">\n\t\t\t\t\t+\t\t\t\t<\/div>\n\t\t\t\t\t\t\t\t\t\t<\/div>\n\t\t\t\t\t\t\t\t\t<\/div>\n\t\t\t\t\t\t<\/div>\n\t\t\t\t\t\t<div class=\"spectra-image-gallery__media-wrapper\" data-spectra-gallery-image-id=\"7477\" tabindex=\"0\">\n\t\t\t\t\t\t\t<div class=\"spectra-image-gallery__media spectra-image-gallery__media--tiled\">\n\t\t\t\t<picture>\n\t\t\t\t\t<source media=\"(min-width: 1024px)\" srcset=\"https:\/\/everestdesign.com.br\/homologa\/fotobeco\/wp-content\/uploads\/2026\/01\/Rafa-Rojas_MIS-12-819x1024.webp\">\n\t\t\t\t\t<source media=\"(min-width: 768px)\" srcset=\"https:\/\/everestdesign.com.br\/homologa\/fotobeco\/wp-content\/uploads\/2026\/01\/Rafa-Rojas_MIS-12-819x1024.webp\">\n\t\t\t\t\t<img decoding=\"async\" class=\"spectra-image-gallery__media-thumbnail spectra-image-gallery__media-thumbnail--tiled\" src=\"https:\/\/everestdesign.com.br\/homologa\/fotobeco\/wp-content\/uploads\/2026\/01\/Rafa-Rojas_MIS-12-150x150.webp\" alt=\"\" \/>\n\t\t\t\t<\/picture>\n\t\t\t\t<div class=\"spectra-image-gallery__media-thumbnail-blurrer\"><\/div>\n\t\t\t\t\t\t\t\t\t\t\t<div class=\"spectra-image-gallery__media-thumbnail-caption-wrapper spectra-image-gallery__media-thumbnail-caption-wrapper--overlay\">\n\t\t\t\t\t\t\t\t\t\t\t<div class=\"spectra-image-gallery__media-thumbnail-caption spectra-image-gallery__media-thumbnail-caption--overlay\">\n\t\t\t\t\t+\t\t\t\t<\/div>\n\t\t\t\t\t\t\t\t\t\t<\/div>\n\t\t\t\t\t\t\t\t\t<\/div>\n\t\t\t\t\t\t<\/div>\n\t\t\t\t\t\t<div class=\"spectra-image-gallery__media-wrapper\" data-spectra-gallery-image-id=\"7476\" tabindex=\"0\">\n\t\t\t\t\t\t\t<div class=\"spectra-image-gallery__media spectra-image-gallery__media--tiled\">\n\t\t\t\t<picture>\n\t\t\t\t\t<source media=\"(min-width: 1024px)\" srcset=\"https:\/\/everestdesign.com.br\/homologa\/fotobeco\/wp-content\/uploads\/2026\/01\/Rafa-Rojas_MIS-10-683x1024.webp\">\n\t\t\t\t\t<source media=\"(min-width: 768px)\" srcset=\"https:\/\/everestdesign.com.br\/homologa\/fotobeco\/wp-content\/uploads\/2026\/01\/Rafa-Rojas_MIS-10-683x1024.webp\">\n\t\t\t\t\t<img decoding=\"async\" class=\"spectra-image-gallery__media-thumbnail spectra-image-gallery__media-thumbnail--tiled\" src=\"https:\/\/everestdesign.com.br\/homologa\/fotobeco\/wp-content\/uploads\/2026\/01\/Rafa-Rojas_MIS-10-150x150.webp\" alt=\"\" \/>\n\t\t\t\t<\/picture>\n\t\t\t\t<div class=\"spectra-image-gallery__media-thumbnail-blurrer\"><\/div>\n\t\t\t\t\t\t\t\t\t\t\t<div class=\"spectra-image-gallery__media-thumbnail-caption-wrapper spectra-image-gallery__media-thumbnail-caption-wrapper--overlay\">\n\t\t\t\t\t\t\t\t\t\t\t<div class=\"spectra-image-gallery__media-thumbnail-caption spectra-image-gallery__media-thumbnail-caption--overlay\">\n\t\t\t\t\t+\t\t\t\t<\/div>\n\t\t\t\t\t\t\t\t\t\t<\/div>\n\t\t\t\t\t\t\t\t\t<\/div>\n\t\t\t\t\t\t<\/div>\n\t\t\t\t\t\t<div class=\"spectra-image-gallery__media-wrapper\" data-spectra-gallery-image-id=\"7448\" tabindex=\"0\">\n\t\t\t\t\t\t\t<div class=\"spectra-image-gallery__media spectra-image-gallery__media--tiled\">\n\t\t\t\t<picture>\n\t\t\t\t\t<source media=\"(min-width: 1024px)\" srcset=\"https:\/\/everestdesign.com.br\/homologa\/fotobeco\/wp-content\/uploads\/2026\/01\/Rafa-Rojas_-Cores-Novas-24-683x1024.webp\">\n\t\t\t\t\t<source media=\"(min-width: 768px)\" srcset=\"https:\/\/everestdesign.com.br\/homologa\/fotobeco\/wp-content\/uploads\/2026\/01\/Rafa-Rojas_-Cores-Novas-24-683x1024.webp\">\n\t\t\t\t\t<img decoding=\"async\" class=\"spectra-image-gallery__media-thumbnail spectra-image-gallery__media-thumbnail--tiled\" src=\"https:\/\/everestdesign.com.br\/homologa\/fotobeco\/wp-content\/uploads\/2026\/01\/Rafa-Rojas_-Cores-Novas-24-150x150.webp\" alt=\"\" \/>\n\t\t\t\t<\/picture>\n\t\t\t\t<div class=\"spectra-image-gallery__media-thumbnail-blurrer\"><\/div>\n\t\t\t\t\t\t\t\t\t\t\t<div class=\"spectra-image-gallery__media-thumbnail-caption-wrapper spectra-image-gallery__media-thumbnail-caption-wrapper--overlay\">\n\t\t\t\t\t\t\t\t\t\t\t<div class=\"spectra-image-gallery__media-thumbnail-caption spectra-image-gallery__media-thumbnail-caption--overlay\">\n\t\t\t\t\t+\t\t\t\t<\/div>\n\t\t\t\t\t\t\t\t\t\t<\/div>\n\t\t\t\t\t\t\t\t\t<\/div>\n\t\t\t\t\t\t<\/div>\n\t\t\t\t\t\t<div class=\"spectra-image-gallery__media-wrapper\" data-spectra-gallery-image-id=\"7447\" tabindex=\"0\">\n\t\t\t\t\t\t\t<div class=\"spectra-image-gallery__media spectra-image-gallery__media--tiled\">\n\t\t\t\t<picture>\n\t\t\t\t\t<source media=\"(min-width: 1024px)\" srcset=\"https:\/\/everestdesign.com.br\/homologa\/fotobeco\/wp-content\/uploads\/2026\/01\/Rafa-Rojas_-Cores-Novas-14-768x1024.webp\">\n\t\t\t\t\t<source media=\"(min-width: 768px)\" srcset=\"https:\/\/everestdesign.com.br\/homologa\/fotobeco\/wp-content\/uploads\/2026\/01\/Rafa-Rojas_-Cores-Novas-14-768x1024.webp\">\n\t\t\t\t\t<img decoding=\"async\" class=\"spectra-image-gallery__media-thumbnail spectra-image-gallery__media-thumbnail--tiled\" src=\"https:\/\/everestdesign.com.br\/homologa\/fotobeco\/wp-content\/uploads\/2026\/01\/Rafa-Rojas_-Cores-Novas-14-150x150.webp\" alt=\"\" \/>\n\t\t\t\t<\/picture>\n\t\t\t\t<div class=\"spectra-image-gallery__media-thumbnail-blurrer\"><\/div>\n\t\t\t\t\t\t\t\t\t\t\t<div class=\"spectra-image-gallery__media-thumbnail-caption-wrapper spectra-image-gallery__media-thumbnail-caption-wrapper--overlay\">\n\t\t\t\t\t\t\t\t\t\t\t<div class=\"spectra-image-gallery__media-thumbnail-caption spectra-image-gallery__media-thumbnail-caption--overlay\">\n\t\t\t\t\t+\t\t\t\t<\/div>\n\t\t\t\t\t\t\t\t\t\t<\/div>\n\t\t\t\t\t\t\t\t\t<\/div>\n\t\t\t\t\t\t<\/div>\n\t\t\t\t\t\t<div class=\"spectra-image-gallery__media-wrapper\" data-spectra-gallery-image-id=\"7446\" tabindex=\"0\">\n\t\t\t\t\t\t\t<div class=\"spectra-image-gallery__media spectra-image-gallery__media--tiled\">\n\t\t\t\t<picture>\n\t\t\t\t\t<source media=\"(min-width: 1024px)\" srcset=\"https:\/\/everestdesign.com.br\/homologa\/fotobeco\/wp-content\/uploads\/2026\/01\/Rafa-Rojas_-Cores-Novas-16-683x1024.webp\">\n\t\t\t\t\t<source media=\"(min-width: 768px)\" srcset=\"https:\/\/everestdesign.com.br\/homologa\/fotobeco\/wp-content\/uploads\/2026\/01\/Rafa-Rojas_-Cores-Novas-16-683x1024.webp\">\n\t\t\t\t\t<img decoding=\"async\" class=\"spectra-image-gallery__media-thumbnail spectra-image-gallery__media-thumbnail--tiled\" src=\"https:\/\/everestdesign.com.br\/homologa\/fotobeco\/wp-content\/uploads\/2026\/01\/Rafa-Rojas_-Cores-Novas-16-150x150.webp\" alt=\"\" \/>\n\t\t\t\t<\/picture>\n\t\t\t\t<div class=\"spectra-image-gallery__media-thumbnail-blurrer\"><\/div>\n\t\t\t\t\t\t\t\t\t\t\t<div class=\"spectra-image-gallery__media-thumbnail-caption-wrapper spectra-image-gallery__media-thumbnail-caption-wrapper--overlay\">\n\t\t\t\t\t\t\t\t\t\t\t<div class=\"spectra-image-gallery__media-thumbnail-caption spectra-image-gallery__media-thumbnail-caption--overlay\">\n\t\t\t\t\t+\t\t\t\t<\/div>\n\t\t\t\t\t\t\t\t\t\t<\/div>\n\t\t\t\t\t\t\t\t\t<\/div>\n\t\t\t\t\t\t<\/div>\n\t\t\t\t\t\t<div class=\"spectra-image-gallery__media-wrapper\" data-spectra-gallery-image-id=\"7445\" tabindex=\"0\">\n\t\t\t\t\t\t\t<div class=\"spectra-image-gallery__media spectra-image-gallery__media--tiled\">\n\t\t\t\t<picture>\n\t\t\t\t\t<source media=\"(min-width: 1024px)\" srcset=\"https:\/\/everestdesign.com.br\/homologa\/fotobeco\/wp-content\/uploads\/2026\/01\/Rafa-Rojas_-Cores-Novas-17-1024x683.webp\">\n\t\t\t\t\t<source media=\"(min-width: 768px)\" srcset=\"https:\/\/everestdesign.com.br\/homologa\/fotobeco\/wp-content\/uploads\/2026\/01\/Rafa-Rojas_-Cores-Novas-17-1024x683.webp\">\n\t\t\t\t\t<img decoding=\"async\" class=\"spectra-image-gallery__media-thumbnail spectra-image-gallery__media-thumbnail--tiled\" src=\"https:\/\/everestdesign.com.br\/homologa\/fotobeco\/wp-content\/uploads\/2026\/01\/Rafa-Rojas_-Cores-Novas-17-150x150.webp\" alt=\"\" \/>\n\t\t\t\t<\/picture>\n\t\t\t\t<div class=\"spectra-image-gallery__media-thumbnail-blurrer\"><\/div>\n\t\t\t\t\t\t\t\t\t\t\t<div class=\"spectra-image-gallery__media-thumbnail-caption-wrapper spectra-image-gallery__media-thumbnail-caption-wrapper--overlay\">\n\t\t\t\t\t\t\t\t\t\t\t<div class=\"spectra-image-gallery__media-thumbnail-caption spectra-image-gallery__media-thumbnail-caption--overlay\">\n\t\t\t\t\t+\t\t\t\t<\/div>\n\t\t\t\t\t\t\t\t\t\t<\/div>\n\t\t\t\t\t\t\t\t\t<\/div>\n\t\t\t\t\t\t<\/div>\n\t\t\t\t\t\t<div class=\"spectra-image-gallery__media-wrapper\" data-spectra-gallery-image-id=\"7444\" tabindex=\"0\">\n\t\t\t\t\t\t\t<div class=\"spectra-image-gallery__media spectra-image-gallery__media--tiled\">\n\t\t\t\t<picture>\n\t\t\t\t\t<source media=\"(min-width: 1024px)\" srcset=\"https:\/\/everestdesign.com.br\/homologa\/fotobeco\/wp-content\/uploads\/2026\/01\/Rafa-Rojas_-Cores-Novas-18-683x1024.webp\">\n\t\t\t\t\t<source media=\"(min-width: 768px)\" srcset=\"https:\/\/everestdesign.com.br\/homologa\/fotobeco\/wp-content\/uploads\/2026\/01\/Rafa-Rojas_-Cores-Novas-18-683x1024.webp\">\n\t\t\t\t\t<img decoding=\"async\" class=\"spectra-image-gallery__media-thumbnail spectra-image-gallery__media-thumbnail--tiled\" src=\"https:\/\/everestdesign.com.br\/homologa\/fotobeco\/wp-content\/uploads\/2026\/01\/Rafa-Rojas_-Cores-Novas-18-150x150.webp\" alt=\"\" \/>\n\t\t\t\t<\/picture>\n\t\t\t\t<div class=\"spectra-image-gallery__media-thumbnail-blurrer\"><\/div>\n\t\t\t\t\t\t\t\t\t\t\t<div class=\"spectra-image-gallery__media-thumbnail-caption-wrapper spectra-image-gallery__media-thumbnail-caption-wrapper--overlay\">\n\t\t\t\t\t\t\t\t\t\t\t<div class=\"spectra-image-gallery__media-thumbnail-caption spectra-image-gallery__media-thumbnail-caption--overlay\">\n\t\t\t\t\t+\t\t\t\t<\/div>\n\t\t\t\t\t\t\t\t\t\t<\/div>\n\t\t\t\t\t\t\t\t\t<\/div>\n\t\t\t\t\t\t<\/div>\n\t\t\t\t\t\t<div class=\"spectra-image-gallery__media-wrapper\" data-spectra-gallery-image-id=\"7443\" tabindex=\"0\">\n\t\t\t\t\t\t\t<div class=\"spectra-image-gallery__media spectra-image-gallery__media--tiled\">\n\t\t\t\t<picture>\n\t\t\t\t\t<source media=\"(min-width: 1024px)\" srcset=\"https:\/\/everestdesign.com.br\/homologa\/fotobeco\/wp-content\/uploads\/2026\/01\/Rafa-Rojas_-Cores-Novas20-683x1024.webp\">\n\t\t\t\t\t<source media=\"(min-width: 768px)\" srcset=\"https:\/\/everestdesign.com.br\/homologa\/fotobeco\/wp-content\/uploads\/2026\/01\/Rafa-Rojas_-Cores-Novas20-683x1024.webp\">\n\t\t\t\t\t<img decoding=\"async\" class=\"spectra-image-gallery__media-thumbnail spectra-image-gallery__media-thumbnail--tiled\" src=\"https:\/\/everestdesign.com.br\/homologa\/fotobeco\/wp-content\/uploads\/2026\/01\/Rafa-Rojas_-Cores-Novas20-150x150.webp\" alt=\"\" \/>\n\t\t\t\t<\/picture>\n\t\t\t\t<div class=\"spectra-image-gallery__media-thumbnail-blurrer\"><\/div>\n\t\t\t\t\t\t\t\t\t\t\t<div class=\"spectra-image-gallery__media-thumbnail-caption-wrapper spectra-image-gallery__media-thumbnail-caption-wrapper--overlay\">\n\t\t\t\t\t\t\t\t\t\t\t<div class=\"spectra-image-gallery__media-thumbnail-caption spectra-image-gallery__media-thumbnail-caption--overlay\">\n\t\t\t\t\t+\t\t\t\t<\/div>\n\t\t\t\t\t\t\t\t\t\t<\/div>\n\t\t\t\t\t\t\t\t\t<\/div>\n\t\t\t\t\t\t<\/div>\n\t\t\t\t\t\t<div class=\"spectra-image-gallery__media-wrapper\" data-spectra-gallery-image-id=\"7442\" tabindex=\"0\">\n\t\t\t\t\t\t\t<div class=\"spectra-image-gallery__media spectra-image-gallery__media--tiled\">\n\t\t\t\t<picture>\n\t\t\t\t\t<source media=\"(min-width: 1024px)\" srcset=\"https:\/\/everestdesign.com.br\/homologa\/fotobeco\/wp-content\/uploads\/2026\/01\/Rafa-Rojas_-Cores-Novas-21-1024x683.webp\">\n\t\t\t\t\t<source media=\"(min-width: 768px)\" srcset=\"https:\/\/everestdesign.com.br\/homologa\/fotobeco\/wp-content\/uploads\/2026\/01\/Rafa-Rojas_-Cores-Novas-21-1024x683.webp\">\n\t\t\t\t\t<img decoding=\"async\" class=\"spectra-image-gallery__media-thumbnail spectra-image-gallery__media-thumbnail--tiled\" src=\"https:\/\/everestdesign.com.br\/homologa\/fotobeco\/wp-content\/uploads\/2026\/01\/Rafa-Rojas_-Cores-Novas-21-150x150.webp\" alt=\"\" \/>\n\t\t\t\t<\/picture>\n\t\t\t\t<div class=\"spectra-image-gallery__media-thumbnail-blurrer\"><\/div>\n\t\t\t\t\t\t\t\t\t\t\t<div class=\"spectra-image-gallery__media-thumbnail-caption-wrapper spectra-image-gallery__media-thumbnail-caption-wrapper--overlay\">\n\t\t\t\t\t\t\t\t\t\t\t<div class=\"spectra-image-gallery__media-thumbnail-caption spectra-image-gallery__media-thumbnail-caption--overlay\">\n\t\t\t\t\t+\t\t\t\t<\/div>\n\t\t\t\t\t\t\t\t\t\t<\/div>\n\t\t\t\t\t\t\t\t\t<\/div>\n\t\t\t\t\t\t<\/div>\n\t\t\t\t\t\t<div class=\"spectra-image-gallery__media-wrapper\" data-spectra-gallery-image-id=\"7441\" tabindex=\"0\">\n\t\t\t\t\t\t\t<div class=\"spectra-image-gallery__media spectra-image-gallery__media--tiled\">\n\t\t\t\t<picture>\n\t\t\t\t\t<source media=\"(min-width: 1024px)\" srcset=\"https:\/\/everestdesign.com.br\/homologa\/fotobeco\/wp-content\/uploads\/2026\/01\/Rafa-Rojas_-Cores-Novas-22-683x1024.webp\">\n\t\t\t\t\t<source media=\"(min-width: 768px)\" srcset=\"https:\/\/everestdesign.com.br\/homologa\/fotobeco\/wp-content\/uploads\/2026\/01\/Rafa-Rojas_-Cores-Novas-22-683x1024.webp\">\n\t\t\t\t\t<img decoding=\"async\" class=\"spectra-image-gallery__media-thumbnail spectra-image-gallery__media-thumbnail--tiled\" src=\"https:\/\/everestdesign.com.br\/homologa\/fotobeco\/wp-content\/uploads\/2026\/01\/Rafa-Rojas_-Cores-Novas-22-150x150.webp\" alt=\"\" \/>\n\t\t\t\t<\/picture>\n\t\t\t\t<div class=\"spectra-image-gallery__media-thumbnail-blurrer\"><\/div>\n\t\t\t\t\t\t\t\t\t\t\t<div class=\"spectra-image-gallery__media-thumbnail-caption-wrapper spectra-image-gallery__media-thumbnail-caption-wrapper--overlay\">\n\t\t\t\t\t\t\t\t\t\t\t<div class=\"spectra-image-gallery__media-thumbnail-caption spectra-image-gallery__media-thumbnail-caption--overlay\">\n\t\t\t\t\t+\t\t\t\t<\/div>\n\t\t\t\t\t\t\t\t\t\t<\/div>\n\t\t\t\t\t\t\t\t\t<\/div>\n\t\t\t\t\t\t<\/div>\n\t\t\t\t\t\t<div class=\"spectra-image-gallery__media-wrapper\" data-spectra-gallery-image-id=\"7440\" tabindex=\"0\">\n\t\t\t\t\t\t\t<div class=\"spectra-image-gallery__media spectra-image-gallery__media--tiled\">\n\t\t\t\t<picture>\n\t\t\t\t\t<source media=\"(min-width: 1024px)\" srcset=\"https:\/\/everestdesign.com.br\/homologa\/fotobeco\/wp-content\/uploads\/2026\/01\/Rafa-Rojas_-Cores-Novas23-688x1024.webp\">\n\t\t\t\t\t<source media=\"(min-width: 768px)\" srcset=\"https:\/\/everestdesign.com.br\/homologa\/fotobeco\/wp-content\/uploads\/2026\/01\/Rafa-Rojas_-Cores-Novas23-688x1024.webp\">\n\t\t\t\t\t<img decoding=\"async\" class=\"spectra-image-gallery__media-thumbnail spectra-image-gallery__media-thumbnail--tiled\" src=\"https:\/\/everestdesign.com.br\/homologa\/fotobeco\/wp-content\/uploads\/2026\/01\/Rafa-Rojas_-Cores-Novas23-150x150.webp\" alt=\"\" \/>\n\t\t\t\t<\/picture>\n\t\t\t\t<div class=\"spectra-image-gallery__media-thumbnail-blurrer\"><\/div>\n\t\t\t\t\t\t\t\t\t\t\t<div class=\"spectra-image-gallery__media-thumbnail-caption-wrapper spectra-image-gallery__media-thumbnail-caption-wrapper--overlay\">\n\t\t\t\t\t\t\t\t\t\t\t<div class=\"spectra-image-gallery__media-thumbnail-caption spectra-image-gallery__media-thumbnail-caption--overlay\">\n\t\t\t\t\t+\t\t\t\t<\/div>\n\t\t\t\t\t\t\t\t\t\t<\/div>\n\t\t\t\t\t\t\t\t\t<\/div>\n\t\t\t\t\t\t<\/div>\n\t\t\t\t\t\t<div class=\"spectra-image-gallery__media-wrapper\" data-spectra-gallery-image-id=\"7439\" tabindex=\"0\">\n\t\t\t\t\t\t\t<div class=\"spectra-image-gallery__media spectra-image-gallery__media--tiled\">\n\t\t\t\t<picture>\n\t\t\t\t\t<source media=\"(min-width: 1024px)\" srcset=\"https:\/\/everestdesign.com.br\/homologa\/fotobeco\/wp-content\/uploads\/2026\/01\/Rafa-Rojas_-Cores-Novas-15-724x1024.webp\">\n\t\t\t\t\t<source media=\"(min-width: 768px)\" srcset=\"https:\/\/everestdesign.com.br\/homologa\/fotobeco\/wp-content\/uploads\/2026\/01\/Rafa-Rojas_-Cores-Novas-15-724x1024.webp\">\n\t\t\t\t\t<img decoding=\"async\" class=\"spectra-image-gallery__media-thumbnail spectra-image-gallery__media-thumbnail--tiled\" src=\"https:\/\/everestdesign.com.br\/homologa\/fotobeco\/wp-content\/uploads\/2026\/01\/Rafa-Rojas_-Cores-Novas-15-150x150.webp\" alt=\"\" \/>\n\t\t\t\t<\/picture>\n\t\t\t\t<div class=\"spectra-image-gallery__media-thumbnail-blurrer\"><\/div>\n\t\t\t\t\t\t\t\t\t\t\t<div class=\"spectra-image-gallery__media-thumbnail-caption-wrapper spectra-image-gallery__media-thumbnail-caption-wrapper--overlay\">\n\t\t\t\t\t\t\t\t\t\t\t<div class=\"spectra-image-gallery__media-thumbnail-caption spectra-image-gallery__media-thumbnail-caption--overlay\">\n\t\t\t\t\t+\t\t\t\t<\/div>\n\t\t\t\t\t\t\t\t\t\t<\/div>\n\t\t\t\t\t\t\t\t\t<\/div>\n\t\t\t\t\t\t<\/div>\n\t\t\t\t\t\t\t\t\t\t\t<div class=\"spectra-image-gallery__media-sizer\"><\/div>\n\t\t\t\t\t\t\t<\/div>\n\t\t\t\t\t\t\t\t\t\t\t<\/div>\n\t\t\t\t\t\t\t\t\t\t\t<div class='spectra-image-gallery__control-lightbox' tabindex='0'>\n\t\t\t\t\t\t\t\t\t\t\t<div class=\"swiper spectra-image-gallery__control-lightbox--main\" dir=\"\">\n\t\t\t\t\t<div class=\"swiper-wrapper\">\n\t\t\t\t\t\t\t\t\t\t\t\t\t\n\t\t\t\t\t\t\t<div class=\"swiper-slide\">\n\t\t\t\t\t\t\t\t<img class=\"swiper-lazy\" data-src=\"https:\/\/everestdesign.com.br\/homologa\/fotobeco\/wp-content\/uploads\/2026\/01\/Rafa-Rojas_MIS-7-scaled.webp\" alt=\"\"\/>\n\t\t\t\t\t\t\t\t<div class=\"swiper-lazy-preloader swiper-lazy-preloader-white\"><\/div>\n\t\t\t\t\t\t\t\t\t\t\t\t\t\t\t<\/div>\n\t\t\t\t\t\t\t\t\t\t\t\t\t\n\t\t\t\t\t\t\t<div class=\"swiper-slide\">\n\t\t\t\t\t\t\t\t<img class=\"swiper-lazy\" data-src=\"https:\/\/everestdesign.com.br\/homologa\/fotobeco\/wp-content\/uploads\/2026\/01\/Rafa-Rojas_MIS-9-scaled.webp\" alt=\"\"\/>\n\t\t\t\t\t\t\t\t<div class=\"swiper-lazy-preloader swiper-lazy-preloader-white\"><\/div>\n\t\t\t\t\t\t\t\t\t\t\t\t\t\t\t<\/div>\n\t\t\t\t\t\t\t\t\t\t\t\t\t\n\t\t\t\t\t\t\t<div class=\"swiper-slide\">\n\t\t\t\t\t\t\t\t<img class=\"swiper-lazy\" data-src=\"https:\/\/everestdesign.com.br\/homologa\/fotobeco\/wp-content\/uploads\/2026\/01\/Rafa-Rojas_MIS-5-scaled.webp\" alt=\"\"\/>\n\t\t\t\t\t\t\t\t<div class=\"swiper-lazy-preloader swiper-lazy-preloader-white\"><\/div>\n\t\t\t\t\t\t\t\t\t\t\t\t\t\t\t<\/div>\n\t\t\t\t\t\t\t\t\t\t\t\t\t\n\t\t\t\t\t\t\t<div class=\"swiper-slide\">\n\t\t\t\t\t\t\t\t<img class=\"swiper-lazy\" data-src=\"https:\/\/everestdesign.com.br\/homologa\/fotobeco\/wp-content\/uploads\/2026\/01\/Rafa-Rojas_MIS-4-scaled.webp\" alt=\"\"\/>\n\t\t\t\t\t\t\t\t<div class=\"swiper-lazy-preloader swiper-lazy-preloader-white\"><\/div>\n\t\t\t\t\t\t\t\t\t\t\t\t\t\t\t<\/div>\n\t\t\t\t\t\t\t\t\t\t\t\t\t\n\t\t\t\t\t\t\t<div class=\"swiper-slide\">\n\t\t\t\t\t\t\t\t<img class=\"swiper-lazy\" data-src=\"https:\/\/everestdesign.com.br\/homologa\/fotobeco\/wp-content\/uploads\/2026\/01\/Rafa-Rojas_MIS-11.webp\" alt=\"\"\/>\n\t\t\t\t\t\t\t\t<div class=\"swiper-lazy-preloader swiper-lazy-preloader-white\"><\/div>\n\t\t\t\t\t\t\t\t\t\t\t\t\t\t\t<\/div>\n\t\t\t\t\t\t\t\t\t\t\t\t\t\n\t\t\t\t\t\t\t<div class=\"swiper-slide\">\n\t\t\t\t\t\t\t\t<img class=\"swiper-lazy\" data-src=\"https:\/\/everestdesign.com.br\/homologa\/fotobeco\/wp-content\/uploads\/2026\/01\/Rafa-Rojas_MIS-8-scaled.webp\" alt=\"\"\/>\n\t\t\t\t\t\t\t\t<div class=\"swiper-lazy-preloader swiper-lazy-preloader-white\"><\/div>\n\t\t\t\t\t\t\t\t\t\t\t\t\t\t\t<\/div>\n\t\t\t\t\t\t\t\t\t\t\t\t\t\n\t\t\t\t\t\t\t<div class=\"swiper-slide\">\n\t\t\t\t\t\t\t\t<img class=\"swiper-lazy\" data-src=\"https:\/\/everestdesign.com.br\/homologa\/fotobeco\/wp-content\/uploads\/2026\/01\/Rafa-Rojas_MIS-6-scaled.webp\" alt=\"\"\/>\n\t\t\t\t\t\t\t\t<div class=\"swiper-lazy-preloader swiper-lazy-preloader-white\"><\/div>\n\t\t\t\t\t\t\t\t\t\t\t\t\t\t\t<\/div>\n\t\t\t\t\t\t\t\t\t\t\t\t\t\n\t\t\t\t\t\t\t<div class=\"swiper-slide\">\n\t\t\t\t\t\t\t\t<img class=\"swiper-lazy\" data-src=\"https:\/\/everestdesign.com.br\/homologa\/fotobeco\/wp-content\/uploads\/2026\/01\/Rafa-Rojas_MIS-13-scaled.webp\" alt=\"\"\/>\n\t\t\t\t\t\t\t\t<div class=\"swiper-lazy-preloader swiper-lazy-preloader-white\"><\/div>\n\t\t\t\t\t\t\t\t\t\t\t\t\t\t\t<\/div>\n\t\t\t\t\t\t\t\t\t\t\t\t\t\n\t\t\t\t\t\t\t<div class=\"swiper-slide\">\n\t\t\t\t\t\t\t\t<img class=\"swiper-lazy\" data-src=\"https:\/\/everestdesign.com.br\/homologa\/fotobeco\/wp-content\/uploads\/2026\/01\/Rafa-Rojas_MIS-12.webp\" alt=\"\"\/>\n\t\t\t\t\t\t\t\t<div class=\"swiper-lazy-preloader swiper-lazy-preloader-white\"><\/div>\n\t\t\t\t\t\t\t\t\t\t\t\t\t\t\t<\/div>\n\t\t\t\t\t\t\t\t\t\t\t\t\t\n\t\t\t\t\t\t\t<div class=\"swiper-slide\">\n\t\t\t\t\t\t\t\t<img class=\"swiper-lazy\" data-src=\"https:\/\/everestdesign.com.br\/homologa\/fotobeco\/wp-content\/uploads\/2026\/01\/Rafa-Rojas_MIS-10-scaled.webp\" alt=\"\"\/>\n\t\t\t\t\t\t\t\t<div class=\"swiper-lazy-preloader swiper-lazy-preloader-white\"><\/div>\n\t\t\t\t\t\t\t\t\t\t\t\t\t\t\t<\/div>\n\t\t\t\t\t\t\t\t\t\t\t\t\t\n\t\t\t\t\t\t\t<div class=\"swiper-slide\">\n\t\t\t\t\t\t\t\t<img class=\"swiper-lazy\" data-src=\"https:\/\/everestdesign.com.br\/homologa\/fotobeco\/wp-content\/uploads\/2026\/01\/Rafa-Rojas_-Cores-Novas-24-scaled.webp\" alt=\"\"\/>\n\t\t\t\t\t\t\t\t<div class=\"swiper-lazy-preloader swiper-lazy-preloader-white\"><\/div>\n\t\t\t\t\t\t\t\t\t\t\t\t\t\t\t<\/div>\n\t\t\t\t\t\t\t\t\t\t\t\t\t\n\t\t\t\t\t\t\t<div class=\"swiper-slide\">\n\t\t\t\t\t\t\t\t<img class=\"swiper-lazy\" data-src=\"https:\/\/everestdesign.com.br\/homologa\/fotobeco\/wp-content\/uploads\/2026\/01\/Rafa-Rojas_-Cores-Novas-14-scaled.webp\" alt=\"\"\/>\n\t\t\t\t\t\t\t\t<div class=\"swiper-lazy-preloader swiper-lazy-preloader-white\"><\/div>\n\t\t\t\t\t\t\t\t\t\t\t\t\t\t\t<\/div>\n\t\t\t\t\t\t\t\t\t\t\t\t\t\n\t\t\t\t\t\t\t<div class=\"swiper-slide\">\n\t\t\t\t\t\t\t\t<img class=\"swiper-lazy\" data-src=\"https:\/\/everestdesign.com.br\/homologa\/fotobeco\/wp-content\/uploads\/2026\/01\/Rafa-Rojas_-Cores-Novas-16-scaled.webp\" alt=\"\"\/>\n\t\t\t\t\t\t\t\t<div class=\"swiper-lazy-preloader swiper-lazy-preloader-white\"><\/div>\n\t\t\t\t\t\t\t\t\t\t\t\t\t\t\t<\/div>\n\t\t\t\t\t\t\t\t\t\t\t\t\t\n\t\t\t\t\t\t\t<div class=\"swiper-slide\">\n\t\t\t\t\t\t\t\t<img class=\"swiper-lazy\" data-src=\"https:\/\/everestdesign.com.br\/homologa\/fotobeco\/wp-content\/uploads\/2026\/01\/Rafa-Rojas_-Cores-Novas-17.webp\" alt=\"\"\/>\n\t\t\t\t\t\t\t\t<div class=\"swiper-lazy-preloader swiper-lazy-preloader-white\"><\/div>\n\t\t\t\t\t\t\t\t\t\t\t\t\t\t\t<\/div>\n\t\t\t\t\t\t\t\t\t\t\t\t\t\n\t\t\t\t\t\t\t<div class=\"swiper-slide\">\n\t\t\t\t\t\t\t\t<img class=\"swiper-lazy\" data-src=\"https:\/\/everestdesign.com.br\/homologa\/fotobeco\/wp-content\/uploads\/2026\/01\/Rafa-Rojas_-Cores-Novas-18-scaled.webp\" alt=\"\"\/>\n\t\t\t\t\t\t\t\t<div class=\"swiper-lazy-preloader swiper-lazy-preloader-white\"><\/div>\n\t\t\t\t\t\t\t\t\t\t\t\t\t\t\t<\/div>\n\t\t\t\t\t\t\t\t\t\t\t\t\t\n\t\t\t\t\t\t\t<div class=\"swiper-slide\">\n\t\t\t\t\t\t\t\t<img class=\"swiper-lazy\" data-src=\"https:\/\/everestdesign.com.br\/homologa\/fotobeco\/wp-content\/uploads\/2026\/01\/Rafa-Rojas_-Cores-Novas20-scaled.webp\" alt=\"\"\/>\n\t\t\t\t\t\t\t\t<div class=\"swiper-lazy-preloader swiper-lazy-preloader-white\"><\/div>\n\t\t\t\t\t\t\t\t\t\t\t\t\t\t\t<\/div>\n\t\t\t\t\t\t\t\t\t\t\t\t\t\n\t\t\t\t\t\t\t<div class=\"swiper-slide\">\n\t\t\t\t\t\t\t\t<img class=\"swiper-lazy\" data-src=\"https:\/\/everestdesign.com.br\/homologa\/fotobeco\/wp-content\/uploads\/2026\/01\/Rafa-Rojas_-Cores-Novas-21.webp\" alt=\"\"\/>\n\t\t\t\t\t\t\t\t<div class=\"swiper-lazy-preloader swiper-lazy-preloader-white\"><\/div>\n\t\t\t\t\t\t\t\t\t\t\t\t\t\t\t<\/div>\n\t\t\t\t\t\t\t\t\t\t\t\t\t\n\t\t\t\t\t\t\t<div class=\"swiper-slide\">\n\t\t\t\t\t\t\t\t<img class=\"swiper-lazy\" data-src=\"https:\/\/everestdesign.com.br\/homologa\/fotobeco\/wp-content\/uploads\/2026\/01\/Rafa-Rojas_-Cores-Novas-22-scaled.webp\" alt=\"\"\/>\n\t\t\t\t\t\t\t\t<div class=\"swiper-lazy-preloader swiper-lazy-preloader-white\"><\/div>\n\t\t\t\t\t\t\t\t\t\t\t\t\t\t\t<\/div>\n\t\t\t\t\t\t\t\t\t\t\t\t\t\n\t\t\t\t\t\t\t<div class=\"swiper-slide\">\n\t\t\t\t\t\t\t\t<img class=\"swiper-lazy\" data-src=\"https:\/\/everestdesign.com.br\/homologa\/fotobeco\/wp-content\/uploads\/2026\/01\/Rafa-Rojas_-Cores-Novas23-scaled.webp\" alt=\"\"\/>\n\t\t\t\t\t\t\t\t<div class=\"swiper-lazy-preloader swiper-lazy-preloader-white\"><\/div>\n\t\t\t\t\t\t\t\t\t\t\t\t\t\t\t<\/div>\n\t\t\t\t\t\t\t\t\t\t\t\t\t\n\t\t\t\t\t\t\t<div class=\"swiper-slide\">\n\t\t\t\t\t\t\t\t<img class=\"swiper-lazy\" data-src=\"https:\/\/everestdesign.com.br\/homologa\/fotobeco\/wp-content\/uploads\/2026\/01\/Rafa-Rojas_-Cores-Novas-15-scaled.webp\" alt=\"\"\/>\n\t\t\t\t\t\t\t\t<div class=\"swiper-lazy-preloader swiper-lazy-preloader-white\"><\/div>\n\t\t\t\t\t\t\t\t\t\t\t\t\t\t\t<\/div>\n\t\t\t\t\t\t\t\t\t\t\t<\/div>\n\t\t\t\t\t<div class=\"swiper-button-next\"><\/div>\n\t\t\t\t\t<div class=\"swiper-button-prev\"><\/div>\n\t\t\t\t<\/div>\t\t\t\n\t\t\t\t\t\t\t\t\t\t\t\t\t\t\t\t\t\t\t\t\t\t\t\t\t<div class='spectra-image-gallery__control-lightbox--count'>\n\t\t\t\t\t\t\t\t\t\t\t\t\t\t\t\t\t\t\t<span class='spectra-image-gallery__control-lightbox--count-page'>1<\/span>\/<span class='spectra-image-gallery__control-lightbox--count-total'>1<\/span>\n\t\t\t\t\t\t\t\t\t\t\t\t\t\t\t\t\t\t\n\t\t\t\t\t\t\t\t<\/div>\n\t\t\t\t\t\t\t\t\t\t\t\t\t\t\t\t\t\t\t\t\t\t<button class='spectra-image-gallery__control-lightbox--close' aria-label=\"Close\">\n\t\t\t\t\t\t\t\t\t\t\t\t\t<svg xmlns=\"https:\/\/www.w3.org\/2000\/svg\" viewBox= \"0 0 320 512\"><path d=\"M310.6 361.4c12.5 12.5 12.5 32.75 0 45.25C304.4 412.9 296.2 416 288 416s-16.38-3.125-22.62-9.375L160 301.3L54.63 406.6C48.38 412.9 40.19 416 32 416S15.63 412.9 9.375 406.6c-12.5-12.5-12.5-32.75 0-45.25l105.4-105.4L9.375 150.6c-12.5-12.5-12.5-32.75 0-45.25s32.75-12.5 45.25 0L160 210.8l105.4-105.4c12.5-12.5 32.75-12.5 45.25 0s12.5 32.75 0 45.25l-105.4 105.4L310.6 361.4z\"><\/path><\/svg>\n\t\t\t\t\t\t\t\t\t\t\t\t<\/button>\n\t\t\t\t\t\t\t\t\t\t\t\t\t<\/div>\n\t\t\t\t\t\t\t\t\t<\/div>\n","protected":false},"excerpt":{"rendered":"<p>RAFA Rojas Santo Andr\u00e9, SP, 1989 Fot\u00f3grafo, Curador e Editor Em 2021, publicou o livro Underground Stories, em 2022, cocriou a revista Imagem Vertigem, em 2023, foi editor do livro Minhoc\u00e3o de cima a baixo\u201d e tamb\u00e9m editor e curador da revista Imagem Vertigem #2. Participou das exposi\u00e7\u00f5es Mirares \u2013 Longevidade e Mirares \u2013 Fotografia &hellip; <\/p>\n<p class=\"link-more\"><a href=\"https:\/\/everestdesign.com.br\/homologa\/fotobeco\/projeto\/edicao-3\/\" class=\"more-link\">Leia mais<span class=\"screen-reader-text\"> &#8220;FOTOBECO EDI\u00c7\u00c3O 3&#8221;<\/span><\/a><\/p>\n","protected":false},"author":1,"featured_media":7577,"parent":0,"template":"","meta":{"_eb_attr":"","_uag_custom_page_level_css":"","_wpzb_portfolio_video_type":"","_wpzb_portfolio_video_id":0,"_wpzb_portfolio_video_url":"","footnotes":""},"portfolio":[34],"class_list":["post-5746","portfolio_item","type-portfolio_item","status-publish","has-post-thumbnail","hentry","portfolio-fotobeco"],"uagb_featured_image_src":{"full":["https:\/\/everestdesign.com.br\/homologa\/fotobeco\/wp-content\/uploads\/2020\/09\/port_cover-fotobeco-edicao-3-hi.jpg",1267,512,false],"thumbnail":["https:\/\/everestdesign.com.br\/homologa\/fotobeco\/wp-content\/uploads\/2020\/09\/port_cover-fotobeco-edicao-3-hi-150x150.jpg",150,150,true],"medium":["https:\/\/everestdesign.com.br\/homologa\/fotobeco\/wp-content\/uploads\/2020\/09\/port_cover-fotobeco-edicao-3-hi-300x121.jpg",300,121,true],"medium_large":["https:\/\/everestdesign.com.br\/homologa\/fotobeco\/wp-content\/uploads\/2020\/09\/port_cover-fotobeco-edicao-3-hi.jpg",768,310,false],"large":["https:\/\/everestdesign.com.br\/homologa\/fotobeco\/wp-content\/uploads\/2020\/09\/port_cover-fotobeco-edicao-3-hi-1024x414.jpg",950,384,true],"1536x1536":["https:\/\/everestdesign.com.br\/homologa\/fotobeco\/wp-content\/uploads\/2020\/09\/port_cover-fotobeco-edicao-3-hi.jpg",1267,512,false],"2048x2048":["https:\/\/everestdesign.com.br\/homologa\/fotobeco\/wp-content\/uploads\/2020\/09\/port_cover-fotobeco-edicao-3-hi.jpg",1267,512,false],"inspiro-featured-image":["https:\/\/everestdesign.com.br\/homologa\/fotobeco\/wp-content\/uploads\/2020\/09\/port_cover-fotobeco-edicao-3-hi.jpg",1267,512,false],"inspiro-loop":["https:\/\/everestdesign.com.br\/homologa\/fotobeco\/wp-content\/uploads\/2020\/09\/port_cover-fotobeco-edicao-3-hi-950x320.jpg",950,320,true],"inspiro-loop@2x":["https:\/\/everestdesign.com.br\/homologa\/fotobeco\/wp-content\/uploads\/2020\/09\/port_cover-fotobeco-edicao-3-hi.jpg",1267,512,false],"portfolio_item-thumbnail":["https:\/\/everestdesign.com.br\/homologa\/fotobeco\/wp-content\/uploads\/2020\/09\/port_cover-fotobeco-edicao-3-hi-600x400.jpg",600,400,true],"portfolio_item-thumbnail@2x":["https:\/\/everestdesign.com.br\/homologa\/fotobeco\/wp-content\/uploads\/2020\/09\/port_cover-fotobeco-edicao-3-hi-1200x512.jpg",1200,512,true],"portfolio_item-masonry":["https:\/\/everestdesign.com.br\/homologa\/fotobeco\/wp-content\/uploads\/2020\/09\/port_cover-fotobeco-edicao-3-hi-600x242.jpg",600,242,true],"portfolio_item-masonry@2x":["https:\/\/everestdesign.com.br\/homologa\/fotobeco\/wp-content\/uploads\/2020\/09\/port_cover-fotobeco-edicao-3-hi-1200x485.jpg",1200,485,true],"portfolio_item-thumbnail_cinema":["https:\/\/everestdesign.com.br\/homologa\/fotobeco\/wp-content\/uploads\/2020\/09\/port_cover-fotobeco-edicao-3-hi-800x335.jpg",800,335,true],"portfolio_item-thumbnail_portrait":["https:\/\/everestdesign.com.br\/homologa\/fotobeco\/wp-content\/uploads\/2020\/09\/port_cover-fotobeco-edicao-3-hi-600x512.jpg",600,512,true],"portfolio_item-thumbnail_portrait@2x":["https:\/\/everestdesign.com.br\/homologa\/fotobeco\/wp-content\/uploads\/2020\/09\/port_cover-fotobeco-edicao-3-hi-1200x512.jpg",1200,512,true],"portfolio_item-thumbnail_square":["https:\/\/everestdesign.com.br\/homologa\/fotobeco\/wp-content\/uploads\/2020\/09\/port_cover-fotobeco-edicao-3-hi-800x512.jpg",800,512,true]},"uagb_author_info":{"display_name":"everest","author_link":"https:\/\/everestdesign.com.br\/homologa\/fotobeco\/author\/everest\/"},"uagb_comment_info":0,"uagb_excerpt":"RAFA Rojas Santo Andr\u00e9, SP, 1989 Fot\u00f3grafo, Curador e Editor Em 2021, publicou o livro Underground Stories, em 2022, cocriou a revista Imagem Vertigem, em 2023, foi editor do livro Minhoc\u00e3o de cima a baixo\u201d e tamb\u00e9m editor e curador da revista Imagem Vertigem #2. Participou das exposi\u00e7\u00f5es Mirares \u2013 Longevidade e Mirares \u2013 Fotografia&hellip;","featured_media_urls":{"thumbnail":["https:\/\/everestdesign.com.br\/homologa\/fotobeco\/wp-content\/uploads\/2020\/09\/port_cover-fotobeco-edicao-3-hi-150x150.jpg",150,150,true],"medium":["https:\/\/everestdesign.com.br\/homologa\/fotobeco\/wp-content\/uploads\/2020\/09\/port_cover-fotobeco-edicao-3-hi-300x121.jpg",300,121,true],"medium_large":["https:\/\/everestdesign.com.br\/homologa\/fotobeco\/wp-content\/uploads\/2020\/09\/port_cover-fotobeco-edicao-3-hi.jpg",768,310,false],"large":["https:\/\/everestdesign.com.br\/homologa\/fotobeco\/wp-content\/uploads\/2020\/09\/port_cover-fotobeco-edicao-3-hi-1024x414.jpg",950,384,true],"1536x1536":["https:\/\/everestdesign.com.br\/homologa\/fotobeco\/wp-content\/uploads\/2020\/09\/port_cover-fotobeco-edicao-3-hi.jpg",1267,512,false],"2048x2048":["https:\/\/everestdesign.com.br\/homologa\/fotobeco\/wp-content\/uploads\/2020\/09\/port_cover-fotobeco-edicao-3-hi.jpg",1267,512,false],"inspiro-featured-image":["https:\/\/everestdesign.com.br\/homologa\/fotobeco\/wp-content\/uploads\/2020\/09\/port_cover-fotobeco-edicao-3-hi.jpg",1267,512,false],"inspiro-loop":["https:\/\/everestdesign.com.br\/homologa\/fotobeco\/wp-content\/uploads\/2020\/09\/port_cover-fotobeco-edicao-3-hi-950x320.jpg",950,320,true],"inspiro-loop@2x":["https:\/\/everestdesign.com.br\/homologa\/fotobeco\/wp-content\/uploads\/2020\/09\/port_cover-fotobeco-edicao-3-hi.jpg",1267,512,false],"portfolio_item-thumbnail":["https:\/\/everestdesign.com.br\/homologa\/fotobeco\/wp-content\/uploads\/2020\/09\/port_cover-fotobeco-edicao-3-hi-600x400.jpg",600,400,true],"portfolio_item-thumbnail@2x":["https:\/\/everestdesign.com.br\/homologa\/fotobeco\/wp-content\/uploads\/2020\/09\/port_cover-fotobeco-edicao-3-hi-1200x512.jpg",1200,512,true],"portfolio_item-masonry":["https:\/\/everestdesign.com.br\/homologa\/fotobeco\/wp-content\/uploads\/2020\/09\/port_cover-fotobeco-edicao-3-hi-600x242.jpg",600,242,true],"portfolio_item-masonry@2x":["https:\/\/everestdesign.com.br\/homologa\/fotobeco\/wp-content\/uploads\/2020\/09\/port_cover-fotobeco-edicao-3-hi-1200x485.jpg",1200,485,true],"portfolio_item-thumbnail_cinema":["https:\/\/everestdesign.com.br\/homologa\/fotobeco\/wp-content\/uploads\/2020\/09\/port_cover-fotobeco-edicao-3-hi-800x335.jpg",800,335,true],"portfolio_item-thumbnail_portrait":["https:\/\/everestdesign.com.br\/homologa\/fotobeco\/wp-content\/uploads\/2020\/09\/port_cover-fotobeco-edicao-3-hi-600x512.jpg",600,512,true],"portfolio_item-thumbnail_portrait@2x":["https:\/\/everestdesign.com.br\/homologa\/fotobeco\/wp-content\/uploads\/2020\/09\/port_cover-fotobeco-edicao-3-hi-1200x512.jpg",1200,512,true],"portfolio_item-thumbnail_square":["https:\/\/everestdesign.com.br\/homologa\/fotobeco\/wp-content\/uploads\/2020\/09\/port_cover-fotobeco-edicao-3-hi-800x512.jpg",800,512,true]},"_links":{"self":[{"href":"https:\/\/everestdesign.com.br\/homologa\/fotobeco\/wp-json\/wp\/v2\/portfolio_item\/5746","targetHints":{"allow":["GET"]}}],"collection":[{"href":"https:\/\/everestdesign.com.br\/homologa\/fotobeco\/wp-json\/wp\/v2\/portfolio_item"}],"about":[{"href":"https:\/\/everestdesign.com.br\/homologa\/fotobeco\/wp-json\/wp\/v2\/types\/portfolio_item"}],"author":[{"embeddable":true,"href":"https:\/\/everestdesign.com.br\/homologa\/fotobeco\/wp-json\/wp\/v2\/users\/1"}],"version-history":[{"count":59,"href":"https:\/\/everestdesign.com.br\/homologa\/fotobeco\/wp-json\/wp\/v2\/portfolio_item\/5746\/revisions"}],"predecessor-version":[{"id":7975,"href":"https:\/\/everestdesign.com.br\/homologa\/fotobeco\/wp-json\/wp\/v2\/portfolio_item\/5746\/revisions\/7975"}],"wp:featuredmedia":[{"embeddable":true,"href":"https:\/\/everestdesign.com.br\/homologa\/fotobeco\/wp-json\/wp\/v2\/media\/7577"}],"wp:attachment":[{"href":"https:\/\/everestdesign.com.br\/homologa\/fotobeco\/wp-json\/wp\/v2\/media?parent=5746"}],"wp:term":[{"taxonomy":"portfolio","embeddable":true,"href":"https:\/\/everestdesign.com.br\/homologa\/fotobeco\/wp-json\/wp\/v2\/portfolio?post=5746"}],"curies":[{"name":"wp","href":"https:\/\/api.w.org\/{rel}","templated":true}]}}