{"id":7658,"date":"2026-01-31T17:27:17","date_gmt":"2026-01-31T20:27:17","guid":{"rendered":"https:\/\/everestdesign.com.br\/homologa\/fotobeco\/?post_type=portfolio_item&#038;p=7658"},"modified":"2026-02-04T20:33:04","modified_gmt":"2026-02-04T23:33:04","slug":"fotobeco-edicao-5","status":"publish","type":"portfolio_item","link":"https:\/\/everestdesign.com.br\/homologa\/fotobeco\/projeto\/fotobeco-edicao-5\/","title":{"rendered":"FOTOBECO EDI\u00c7\u00c3O 5"},"content":{"rendered":"\n<div style=\"height:20px\" aria-hidden=\"true\" class=\"wp-block-spacer uag-hide-tab uag-hide-mob\"><\/div>\n\n\n\n<div class=\"wp-block-group alignfull no-margin is-vertical is-content-justification-center is-nowrap is-layout-flex wp-container-core-group-is-layout-5f4ce950 wp-block-group-is-layout-flex\" style=\"padding-top:0px;padding-right:0px;padding-bottom:0px;padding-left:0px\">\n<div class=\"wp-block-media-text alignwide has-media-on-the-right is-stacked-on-mobile\" style=\"margin-top:-20px;margin-right:0px;margin-bottom:0px;padding-top:0px;padding-right:0px;padding-bottom:0px;padding-left:0px;grid-template-columns:auto 35%\"><div class=\"wp-block-media-text__content\">\n<div style=\"height:40px\" aria-hidden=\"true\" class=\"wp-block-spacer uag-hide-desktop uag-hide-tab\"><\/div>\n\n\n\n<div class=\"wp-block-uagb-advanced-heading uagb-block-8c50f438\"><h4 class=\"uagb-heading-text\">Sobre o ensaio<\/h4><\/div>\n\n\n\n<div class=\"wp-block-uagb-advanced-heading uagb-block-4b77c984\"><h2 class=\"uagb-heading-text\">Mukun\u00e3<\/h2><\/div>\n\n\n\n<div class=\"wp-block-uagb-advanced-heading uagb-block-494a6946\"><h3 class=\"uagb-heading-text\">Por Juh Almeida<\/h3><\/div>\n\n\n\n<div style=\"height:20px\" aria-hidden=\"true\" class=\"wp-block-spacer\"><\/div>\n\n\n\n<p class=\"wp-block-paragraph\">Som de cabelo sendo penteado por um pente garfo, m\u00fasica baixa no r\u00e1dio, vozes de mulheres falando como se cantassem, \u201chomem, pega ali minha cerveja\u201d, \u201ctran\u00e7a do lado de c\u00e1 tamb\u00e9m\u201d, \u201cvoc\u00ea acha mesmo que eu fico bonita com esse penteado?\u201d E foi com essa paisagem sonora que meus p\u00e9s me levaram para dentro do sal\u00e3o da Constance, na s\u00e9tima prov\u00edncia de Maputo, em Mo\u00e7ambique.<\/p>\n\n\n\n<p class=\"wp-block-paragraph\">Com a licen\u00e7a, entrei, cumprimentei cada uma delas e meu cora\u00e7\u00e3o confirmou que j\u00e1 nos conhec\u00edamos h\u00e1 muito tempo. Meu corpo de mulher negra, afro-brasileira e diasp\u00f3rica tremeu ao atravessar o Atl\u00e2ntico e pisar no \u00cdndico, e ali, entre as paredes esverdeadas, eu lembrei do mar, e n\u00e3o me sentia mais naufragada, mas como se pisasse em terra segura.<\/p>\n\n\n\n<p class=\"wp-block-paragraph\">Fui arrebatada pela pot\u00eancia e for\u00e7a que emanava daquelas mulheres. Suas hist\u00f3rias escoavam pelos meus pensamentos como lembran\u00e7as antigas, do verde-\u00e1gua pintado pela pr\u00f3pria m\u00e3o da Constance, m\u00e3os ligeiras que agora ali tran\u00e7ava o cabelo das suas amigas, m\u00e3os que seguravam sua filha nos bra\u00e7os, m\u00e3os que amarraram como presente uma capulana na cintura e que, em um abra\u00e7o acalanto eu pude entender: eu estava em casa.<\/p>\n<\/div><figure class=\"wp-block-media-text__media\"><img fetchpriority=\"high\" decoding=\"async\" width=\"576\" height=\"1024\" src=\"https:\/\/everestdesign.com.br\/homologa\/fotobeco\/wp-content\/uploads\/2026\/01\/Juh-Almeida_Stories-576x1024.webp\" alt=\"\" class=\"wp-image-7901 size-full\" srcset=\"https:\/\/everestdesign.com.br\/homologa\/fotobeco\/wp-content\/uploads\/2026\/01\/Juh-Almeida_Stories-576x1024.webp 576w, https:\/\/everestdesign.com.br\/homologa\/fotobeco\/wp-content\/uploads\/2026\/01\/Juh-Almeida_Stories-169x300.webp 169w, https:\/\/everestdesign.com.br\/homologa\/fotobeco\/wp-content\/uploads\/2026\/01\/Juh-Almeida_Stories.webp 1080w\" sizes=\"(max-width: 576px) 100vw, 576px\" \/><\/figure><\/div>\n<\/div>\n\n\n\n<div style=\"height:70px;width:0px\" aria-hidden=\"true\" class=\"wp-block-spacer\"><\/div>\n\n\n\n<div class=\"wp-block-group alignwide no-margin is-vertical is-layout-flex wp-container-core-group-is-layout-cea969f4 wp-block-group-is-layout-flex\" style=\"padding-top:0px;padding-right:0px;padding-bottom:0px;padding-left:0px\">\n<div class=\"wp-block-uagb-advanced-heading uagb-block-e430a616\"><h2 class=\"uagb-heading-text\">Juh Almeida<\/h2><\/div>\n\n\n\n<div class=\"wp-block-uagb-advanced-heading uagb-block-2272f812\"><h3 class=\"uagb-heading-text\">Minibio<\/h3><\/div>\n\n\n\n<div style=\"height:0px\" aria-hidden=\"true\" class=\"wp-block-spacer wp-container-content-62aae154\"><\/div>\n\n\n\n<p class=\"wp-block-paragraph\">Juh Almeida, nasceu na Bahia, e hoje transita entre S\u00e3o Paulo e Rio de Janeiro. Desde 2010 mescla vida e arte, com recorte em afrovisualidades, expressando-se atrav\u00e9s do cinema de forma po\u00e9tica, experimental e documental. Graduou-se no Bacharelado Interdisciplinar em Artes com concentra\u00e7\u00e3o em Cinema pela Universidade Federal da Bahia. E \u00e9 mestranda em cinema pela Universidade de S\u00e3o Paulo.<\/p>\n\n\n\n<p class=\"wp-block-paragraph\">Como diretora, Juh Almeida dirigiu e roteirizou curtas metragens autorais &#8220;eu, negra&#8221;, &#8220;Irun Or\u00ed&#8221; e &#8220;N\u00e1ufraga&#8221;. Dirige videoclipes, projetos de fic\u00e7\u00e3o, document\u00e1rios, fashion, ensa\u00edstico e art\u00edstico. Atualmente \u00e9 diretora de cena na Pr\u00f3digo Filmes, onde atua dirigindo filmes publicit\u00e1rios. Seu \u00faltimo trabalho significativo foi fazendo parte do time de diretores da telenovela premiada e de sucesso Vai Na F\u00e9 na Rede Globo.<\/p>\n\n\n\n<p class=\"wp-block-paragraph\">Juh acredita na constru\u00e7\u00e3o de novos imagin\u00e1rios como ferramenta revolucion\u00e1ria e de mudan\u00e7a social.<\/p>\n<\/div>\n\n\n\n<div style=\"height:90px;width:0px\" aria-hidden=\"true\" class=\"wp-block-spacer uag-hide-tab uag-hide-mob\"><\/div>\n\n\n\n<div style=\"height:30px\" aria-hidden=\"true\" class=\"wp-block-spacer uag-hide-desktop\"><\/div>\n\n\n\n<div class=\"wp-block-group alignfull is-content-justification-center is-nowrap is-layout-flex wp-container-core-group-is-layout-897d7bc7 wp-block-group-is-layout-flex\" style=\"padding-top:0px;padding-right:0px;padding-bottom:0px;padding-left:0px\">\t\t\t\t\t<div\n\t\t\t\t\t\tclass=\"wp-block-uagb-image-gallery uagb-block-9647fedf no-margim    \"\n\t\t\t\t\t\tstyle=\"\"\n\t\t\t\t\t>\n\t\t\t\t\t\t\t\t\t\t\t<div data-aos= \"fade\" data-aos-duration=\"400\" data-aos-delay=\"0\" data-aos-easing=\"ease\" data-aos-once=\"true\" class=\"spectra-image-gallery spectra-image-gallery__layout--tiled spectra-image-gallery__layout--tiled-col-3 spectra-image-gallery__layout--tiled-col-tab-3 spectra-image-gallery__layout--tiled-col-mob-3\">\n\t\t\t\t\t\t\t\t\t\t\t<div class=\"spectra-image-gallery__media-wrapper\" data-spectra-gallery-image-id=\"7839\" tabindex=\"0\">\n\t\t\t\t\t\t\t<div class=\"spectra-image-gallery__media spectra-image-gallery__media--tiled\">\n\t\t\t\t<picture>\n\t\t\t\t\t<source media=\"(min-width: 1024px)\" srcset=\"https:\/\/everestdesign.com.br\/homologa\/fotobeco\/wp-content\/uploads\/2026\/01\/IMG-20240914-WA0028-FotoBeco-Edicao-05-1024x768.webp\">\n\t\t\t\t\t<source media=\"(min-width: 768px)\" srcset=\"https:\/\/everestdesign.com.br\/homologa\/fotobeco\/wp-content\/uploads\/2026\/01\/IMG-20240914-WA0028-FotoBeco-Edicao-05-1024x768.webp\">\n\t\t\t\t\t<img decoding=\"async\" class=\"spectra-image-gallery__media-thumbnail spectra-image-gallery__media-thumbnail--tiled\" src=\"https:\/\/everestdesign.com.br\/homologa\/fotobeco\/wp-content\/uploads\/2026\/01\/IMG-20240914-WA0028-FotoBeco-Edicao-05-150x150.webp\" alt=\"\" \/>\n\t\t\t\t<\/picture>\n\t\t\t\t<div class=\"spectra-image-gallery__media-thumbnail-blurrer\"><\/div>\n\t\t\t\t\t\t\t\t\t\t\t<div class=\"spectra-image-gallery__media-thumbnail-caption-wrapper spectra-image-gallery__media-thumbnail-caption-wrapper--overlay\">\n\t\t\t\t\t\t\t\t\t\t\t<div class=\"spectra-image-gallery__media-thumbnail-caption spectra-image-gallery__media-thumbnail-caption--overlay\">\n\t\t\t\t\t+\t\t\t\t<\/div>\n\t\t\t\t\t\t\t\t\t\t<\/div>\n\t\t\t\t\t\t\t\t\t<\/div>\n\t\t\t\t\t\t<\/div>\n\t\t\t\t\t\t<div class=\"spectra-image-gallery__media-wrapper\" data-spectra-gallery-image-id=\"7840\" tabindex=\"0\">\n\t\t\t\t\t\t\t<div class=\"spectra-image-gallery__media spectra-image-gallery__media--tiled\">\n\t\t\t\t<picture>\n\t\t\t\t\t<source media=\"(min-width: 1024px)\" srcset=\"https:\/\/everestdesign.com.br\/homologa\/fotobeco\/wp-content\/uploads\/2026\/01\/IMG-20240914-WA0029-FotoBeco-Edicao-05-1024x768.webp\">\n\t\t\t\t\t<source media=\"(min-width: 768px)\" srcset=\"https:\/\/everestdesign.com.br\/homologa\/fotobeco\/wp-content\/uploads\/2026\/01\/IMG-20240914-WA0029-FotoBeco-Edicao-05-1024x768.webp\">\n\t\t\t\t\t<img decoding=\"async\" class=\"spectra-image-gallery__media-thumbnail spectra-image-gallery__media-thumbnail--tiled\" src=\"https:\/\/everestdesign.com.br\/homologa\/fotobeco\/wp-content\/uploads\/2026\/01\/IMG-20240914-WA0029-FotoBeco-Edicao-05-150x150.webp\" alt=\"\" \/>\n\t\t\t\t<\/picture>\n\t\t\t\t<div class=\"spectra-image-gallery__media-thumbnail-blurrer\"><\/div>\n\t\t\t\t\t\t\t\t\t\t\t<div class=\"spectra-image-gallery__media-thumbnail-caption-wrapper spectra-image-gallery__media-thumbnail-caption-wrapper--overlay\">\n\t\t\t\t\t\t\t\t\t\t\t<div class=\"spectra-image-gallery__media-thumbnail-caption spectra-image-gallery__media-thumbnail-caption--overlay\">\n\t\t\t\t\t+\t\t\t\t<\/div>\n\t\t\t\t\t\t\t\t\t\t<\/div>\n\t\t\t\t\t\t\t\t\t<\/div>\n\t\t\t\t\t\t<\/div>\n\t\t\t\t\t\t<div class=\"spectra-image-gallery__media-wrapper\" data-spectra-gallery-image-id=\"7841\" tabindex=\"0\">\n\t\t\t\t\t\t\t<div class=\"spectra-image-gallery__media spectra-image-gallery__media--tiled\">\n\t\t\t\t<picture>\n\t\t\t\t\t<source media=\"(min-width: 1024px)\" srcset=\"https:\/\/everestdesign.com.br\/homologa\/fotobeco\/wp-content\/uploads\/2026\/01\/IMG-20240914-WA0033-FotoBeco-Edicao-05-1024x768.webp\">\n\t\t\t\t\t<source media=\"(min-width: 768px)\" srcset=\"https:\/\/everestdesign.com.br\/homologa\/fotobeco\/wp-content\/uploads\/2026\/01\/IMG-20240914-WA0033-FotoBeco-Edicao-05-1024x768.webp\">\n\t\t\t\t\t<img decoding=\"async\" class=\"spectra-image-gallery__media-thumbnail spectra-image-gallery__media-thumbnail--tiled\" src=\"https:\/\/everestdesign.com.br\/homologa\/fotobeco\/wp-content\/uploads\/2026\/01\/IMG-20240914-WA0033-FotoBeco-Edicao-05-150x150.webp\" alt=\"\" \/>\n\t\t\t\t<\/picture>\n\t\t\t\t<div class=\"spectra-image-gallery__media-thumbnail-blurrer\"><\/div>\n\t\t\t\t\t\t\t\t\t\t\t<div class=\"spectra-image-gallery__media-thumbnail-caption-wrapper spectra-image-gallery__media-thumbnail-caption-wrapper--overlay\">\n\t\t\t\t\t\t\t\t\t\t\t<div class=\"spectra-image-gallery__media-thumbnail-caption spectra-image-gallery__media-thumbnail-caption--overlay\">\n\t\t\t\t\t+\t\t\t\t<\/div>\n\t\t\t\t\t\t\t\t\t\t<\/div>\n\t\t\t\t\t\t\t\t\t<\/div>\n\t\t\t\t\t\t<\/div>\n\t\t\t\t\t\t<div class=\"spectra-image-gallery__media-wrapper\" data-spectra-gallery-image-id=\"7842\" tabindex=\"0\">\n\t\t\t\t\t\t\t<div class=\"spectra-image-gallery__media spectra-image-gallery__media--tiled\">\n\t\t\t\t<picture>\n\t\t\t\t\t<source media=\"(min-width: 1024px)\" srcset=\"https:\/\/everestdesign.com.br\/homologa\/fotobeco\/wp-content\/uploads\/2026\/01\/IMG-20240915-WA0000-FotoBeco-Edicao-05-768x1024.webp\">\n\t\t\t\t\t<source media=\"(min-width: 768px)\" srcset=\"https:\/\/everestdesign.com.br\/homologa\/fotobeco\/wp-content\/uploads\/2026\/01\/IMG-20240915-WA0000-FotoBeco-Edicao-05-768x1024.webp\">\n\t\t\t\t\t<img decoding=\"async\" class=\"spectra-image-gallery__media-thumbnail spectra-image-gallery__media-thumbnail--tiled\" src=\"https:\/\/everestdesign.com.br\/homologa\/fotobeco\/wp-content\/uploads\/2026\/01\/IMG-20240915-WA0000-FotoBeco-Edicao-05-150x150.webp\" alt=\"\" \/>\n\t\t\t\t<\/picture>\n\t\t\t\t<div class=\"spectra-image-gallery__media-thumbnail-blurrer\"><\/div>\n\t\t\t\t\t\t\t\t\t\t\t<div class=\"spectra-image-gallery__media-thumbnail-caption-wrapper spectra-image-gallery__media-thumbnail-caption-wrapper--overlay\">\n\t\t\t\t\t\t\t\t\t\t\t<div class=\"spectra-image-gallery__media-thumbnail-caption spectra-image-gallery__media-thumbnail-caption--overlay\">\n\t\t\t\t\t+\t\t\t\t<\/div>\n\t\t\t\t\t\t\t\t\t\t<\/div>\n\t\t\t\t\t\t\t\t\t<\/div>\n\t\t\t\t\t\t<\/div>\n\t\t\t\t\t\t<div class=\"spectra-image-gallery__media-wrapper\" data-spectra-gallery-image-id=\"7843\" tabindex=\"0\">\n\t\t\t\t\t\t\t<div class=\"spectra-image-gallery__media spectra-image-gallery__media--tiled\">\n\t\t\t\t<picture>\n\t\t\t\t\t<source media=\"(min-width: 1024px)\" srcset=\"https:\/\/everestdesign.com.br\/homologa\/fotobeco\/wp-content\/uploads\/2026\/01\/IMG-20240915-WA0003-FotoBeco-Edicao-05-768x1024.webp\">\n\t\t\t\t\t<source media=\"(min-width: 768px)\" srcset=\"https:\/\/everestdesign.com.br\/homologa\/fotobeco\/wp-content\/uploads\/2026\/01\/IMG-20240915-WA0003-FotoBeco-Edicao-05-768x1024.webp\">\n\t\t\t\t\t<img decoding=\"async\" class=\"spectra-image-gallery__media-thumbnail spectra-image-gallery__media-thumbnail--tiled\" src=\"https:\/\/everestdesign.com.br\/homologa\/fotobeco\/wp-content\/uploads\/2026\/01\/IMG-20240915-WA0003-FotoBeco-Edicao-05-150x150.webp\" alt=\"\" \/>\n\t\t\t\t<\/picture>\n\t\t\t\t<div class=\"spectra-image-gallery__media-thumbnail-blurrer\"><\/div>\n\t\t\t\t\t\t\t\t\t\t\t<div class=\"spectra-image-gallery__media-thumbnail-caption-wrapper spectra-image-gallery__media-thumbnail-caption-wrapper--overlay\">\n\t\t\t\t\t\t\t\t\t\t\t<div class=\"spectra-image-gallery__media-thumbnail-caption spectra-image-gallery__media-thumbnail-caption--overlay\">\n\t\t\t\t\t+\t\t\t\t<\/div>\n\t\t\t\t\t\t\t\t\t\t<\/div>\n\t\t\t\t\t\t\t\t\t<\/div>\n\t\t\t\t\t\t<\/div>\n\t\t\t\t\t\t\t\t\t\t\t<div class=\"spectra-image-gallery__media-sizer\"><\/div>\n\t\t\t\t\t\t\t<\/div>\n\t\t\t\t\t\t\t\t\t\t\t<\/div>\n\t\t\t\t\t\t\t\t\t\t\t<div class='spectra-image-gallery__control-lightbox' tabindex='0'>\n\t\t\t\t\t\t\t\t\t\t\t<div class=\"swiper spectra-image-gallery__control-lightbox--main\" dir=\"\">\n\t\t\t\t\t<div class=\"swiper-wrapper\">\n\t\t\t\t\t\t\t\t\t\t\t\t\t\n\t\t\t\t\t\t\t<div class=\"swiper-slide\">\n\t\t\t\t\t\t\t\t<img class=\"swiper-lazy\" data-src=\"https:\/\/everestdesign.com.br\/homologa\/fotobeco\/wp-content\/uploads\/2026\/01\/IMG-20240914-WA0028-FotoBeco-Edicao-05.webp\" alt=\"\"\/>\n\t\t\t\t\t\t\t\t<div class=\"swiper-lazy-preloader swiper-lazy-preloader-white\"><\/div>\n\t\t\t\t\t\t\t\t\t\t\t\t\t\t\t<\/div>\n\t\t\t\t\t\t\t\t\t\t\t\t\t\n\t\t\t\t\t\t\t<div class=\"swiper-slide\">\n\t\t\t\t\t\t\t\t<img class=\"swiper-lazy\" data-src=\"https:\/\/everestdesign.com.br\/homologa\/fotobeco\/wp-content\/uploads\/2026\/01\/IMG-20240914-WA0029-FotoBeco-Edicao-05.webp\" alt=\"\"\/>\n\t\t\t\t\t\t\t\t<div class=\"swiper-lazy-preloader swiper-lazy-preloader-white\"><\/div>\n\t\t\t\t\t\t\t\t\t\t\t\t\t\t\t<\/div>\n\t\t\t\t\t\t\t\t\t\t\t\t\t\n\t\t\t\t\t\t\t<div class=\"swiper-slide\">\n\t\t\t\t\t\t\t\t<img class=\"swiper-lazy\" data-src=\"https:\/\/everestdesign.com.br\/homologa\/fotobeco\/wp-content\/uploads\/2026\/01\/IMG-20240914-WA0033-FotoBeco-Edicao-05.webp\" alt=\"\"\/>\n\t\t\t\t\t\t\t\t<div class=\"swiper-lazy-preloader swiper-lazy-preloader-white\"><\/div>\n\t\t\t\t\t\t\t\t\t\t\t\t\t\t\t<\/div>\n\t\t\t\t\t\t\t\t\t\t\t\t\t\n\t\t\t\t\t\t\t<div class=\"swiper-slide\">\n\t\t\t\t\t\t\t\t<img class=\"swiper-lazy\" data-src=\"https:\/\/everestdesign.com.br\/homologa\/fotobeco\/wp-content\/uploads\/2026\/01\/IMG-20240915-WA0000-FotoBeco-Edicao-05.webp\" alt=\"\"\/>\n\t\t\t\t\t\t\t\t<div class=\"swiper-lazy-preloader swiper-lazy-preloader-white\"><\/div>\n\t\t\t\t\t\t\t\t\t\t\t\t\t\t\t<\/div>\n\t\t\t\t\t\t\t\t\t\t\t\t\t\n\t\t\t\t\t\t\t<div class=\"swiper-slide\">\n\t\t\t\t\t\t\t\t<img class=\"swiper-lazy\" data-src=\"https:\/\/everestdesign.com.br\/homologa\/fotobeco\/wp-content\/uploads\/2026\/01\/IMG-20240915-WA0003-FotoBeco-Edicao-05.webp\" alt=\"\"\/>\n\t\t\t\t\t\t\t\t<div class=\"swiper-lazy-preloader swiper-lazy-preloader-white\"><\/div>\n\t\t\t\t\t\t\t\t\t\t\t\t\t\t\t<\/div>\n\t\t\t\t\t\t\t\t\t\t\t<\/div>\n\t\t\t\t\t<div class=\"swiper-button-next\"><\/div>\n\t\t\t\t\t<div class=\"swiper-button-prev\"><\/div>\n\t\t\t\t<\/div>\t\t\t\n\t\t\t\t\t\t\t\t\t\t\t\t\t\t\t\t\t\t\t\t\t\t\t\t\t<div class='spectra-image-gallery__control-lightbox--count'>\n\t\t\t\t\t\t\t\t\t\t\t\t\t\t\t\t\t\t\t<span class='spectra-image-gallery__control-lightbox--count-page'>1<\/span>\/<span class='spectra-image-gallery__control-lightbox--count-total'>1<\/span>\n\t\t\t\t\t\t\t\t\t\t\t\t\t\t\t\t\t\t\n\t\t\t\t\t\t\t\t<\/div>\n\t\t\t\t\t\t\t\t\t\t\t\t\t\t\t\t\t\t\t\t\t\t<button class='spectra-image-gallery__control-lightbox--close' aria-label=\"Close\">\n\t\t\t\t\t\t\t\t\t\t\t\t\t<svg xmlns=\"https:\/\/www.w3.org\/2000\/svg\" viewBox= \"0 0 320 512\"><path d=\"M310.6 361.4c12.5 12.5 12.5 32.75 0 45.25C304.4 412.9 296.2 416 288 416s-16.38-3.125-22.62-9.375L160 301.3L54.63 406.6C48.38 412.9 40.19 416 32 416S15.63 412.9 9.375 406.6c-12.5-12.5-12.5-32.75 0-45.25l105.4-105.4L9.375 150.6c-12.5-12.5-12.5-32.75 0-45.25s32.75-12.5 45.25 0L160 210.8l105.4-105.4c12.5-12.5 32.75-12.5 45.25 0s12.5 32.75 0 45.25l-105.4 105.4L310.6 361.4z\"><\/path><\/svg>\n\t\t\t\t\t\t\t\t\t\t\t\t<\/button>\n\t\t\t\t\t\t\t\t\t\t\t\t\t<\/div>\n\t\t\t\t\t\t\t\t\t<\/div>\n","protected":false},"excerpt":{"rendered":"<p>Sobre o ensaio Mukun\u00e3 Por Juh Almeida Som de cabelo sendo penteado por um pente garfo, m\u00fasica baixa no r\u00e1dio, vozes de mulheres falando como se cantassem, \u201chomem, pega ali minha cerveja\u201d, \u201ctran\u00e7a do lado de c\u00e1 tamb\u00e9m\u201d, \u201cvoc\u00ea acha mesmo que eu fico bonita com esse penteado?\u201d E foi com essa paisagem sonora que &hellip; <\/p>\n<p class=\"link-more\"><a href=\"https:\/\/everestdesign.com.br\/homologa\/fotobeco\/projeto\/fotobeco-edicao-5\/\" class=\"more-link\">Leia mais<span class=\"screen-reader-text\"> &#8220;FOTOBECO EDI\u00c7\u00c3O 5&#8221;<\/span><\/a><\/p>\n","protected":false},"author":1,"featured_media":7666,"parent":0,"template":"","meta":{"_eb_attr":"","_uag_custom_page_level_css":"","_wpzb_portfolio_video_type":"","_wpzb_portfolio_video_id":0,"_wpzb_portfolio_video_url":"","footnotes":""},"portfolio":[34],"class_list":["post-7658","portfolio_item","type-portfolio_item","status-publish","has-post-thumbnail","hentry","portfolio-fotobeco"],"uagb_featured_image_src":{"full":["https:\/\/everestdesign.com.br\/homologa\/fotobeco\/wp-content\/uploads\/2026\/01\/cover-fotobeco-edicao-5.webp",1267,512,false],"thumbnail":["https:\/\/everestdesign.com.br\/homologa\/fotobeco\/wp-content\/uploads\/2026\/01\/cover-fotobeco-edicao-5-150x150.webp",150,150,true],"medium":["https:\/\/everestdesign.com.br\/homologa\/fotobeco\/wp-content\/uploads\/2026\/01\/cover-fotobeco-edicao-5-300x121.webp",300,121,true],"medium_large":["https:\/\/everestdesign.com.br\/homologa\/fotobeco\/wp-content\/uploads\/2026\/01\/cover-fotobeco-edicao-5.webp",768,310,false],"large":["https:\/\/everestdesign.com.br\/homologa\/fotobeco\/wp-content\/uploads\/2026\/01\/cover-fotobeco-edicao-5-1024x414.webp",950,384,true],"1536x1536":["https:\/\/everestdesign.com.br\/homologa\/fotobeco\/wp-content\/uploads\/2026\/01\/cover-fotobeco-edicao-5.webp",1267,512,false],"2048x2048":["https:\/\/everestdesign.com.br\/homologa\/fotobeco\/wp-content\/uploads\/2026\/01\/cover-fotobeco-edicao-5.webp",1267,512,false],"inspiro-featured-image":["https:\/\/everestdesign.com.br\/homologa\/fotobeco\/wp-content\/uploads\/2026\/01\/cover-fotobeco-edicao-5.webp",1267,512,false],"inspiro-loop":["https:\/\/everestdesign.com.br\/homologa\/fotobeco\/wp-content\/uploads\/2026\/01\/cover-fotobeco-edicao-5-950x320.webp",950,320,true],"inspiro-loop@2x":["https:\/\/everestdesign.com.br\/homologa\/fotobeco\/wp-content\/uploads\/2026\/01\/cover-fotobeco-edicao-5.webp",1267,512,false],"portfolio_item-thumbnail":["https:\/\/everestdesign.com.br\/homologa\/fotobeco\/wp-content\/uploads\/2026\/01\/cover-fotobeco-edicao-5-600x400.webp",600,400,true],"portfolio_item-thumbnail@2x":["https:\/\/everestdesign.com.br\/homologa\/fotobeco\/wp-content\/uploads\/2026\/01\/cover-fotobeco-edicao-5-1200x512.webp",1200,512,true],"portfolio_item-masonry":["https:\/\/everestdesign.com.br\/homologa\/fotobeco\/wp-content\/uploads\/2026\/01\/cover-fotobeco-edicao-5-600x242.webp",600,242,true],"portfolio_item-masonry@2x":["https:\/\/everestdesign.com.br\/homologa\/fotobeco\/wp-content\/uploads\/2026\/01\/cover-fotobeco-edicao-5-1200x485.webp",1200,485,true],"portfolio_item-thumbnail_cinema":["https:\/\/everestdesign.com.br\/homologa\/fotobeco\/wp-content\/uploads\/2026\/01\/cover-fotobeco-edicao-5-800x335.webp",800,335,true],"portfolio_item-thumbnail_portrait":["https:\/\/everestdesign.com.br\/homologa\/fotobeco\/wp-content\/uploads\/2026\/01\/cover-fotobeco-edicao-5-600x512.webp",600,512,true],"portfolio_item-thumbnail_portrait@2x":["https:\/\/everestdesign.com.br\/homologa\/fotobeco\/wp-content\/uploads\/2026\/01\/cover-fotobeco-edicao-5-1200x512.webp",1200,512,true],"portfolio_item-thumbnail_square":["https:\/\/everestdesign.com.br\/homologa\/fotobeco\/wp-content\/uploads\/2026\/01\/cover-fotobeco-edicao-5-800x512.webp",800,512,true]},"uagb_author_info":{"display_name":"everest","author_link":"https:\/\/everestdesign.com.br\/homologa\/fotobeco\/author\/everest\/"},"uagb_comment_info":0,"uagb_excerpt":"Sobre o ensaio Mukun\u00e3 Por Juh Almeida Som de cabelo sendo penteado por um pente garfo, m\u00fasica baixa no r\u00e1dio, vozes de mulheres falando como se cantassem, \u201chomem, pega ali minha cerveja\u201d, \u201ctran\u00e7a do lado de c\u00e1 tamb\u00e9m\u201d, \u201cvoc\u00ea acha mesmo que eu fico bonita com esse penteado?\u201d E foi com essa paisagem sonora que&hellip;","featured_media_urls":{"thumbnail":["https:\/\/everestdesign.com.br\/homologa\/fotobeco\/wp-content\/uploads\/2026\/01\/cover-fotobeco-edicao-5-150x150.webp",150,150,true],"medium":["https:\/\/everestdesign.com.br\/homologa\/fotobeco\/wp-content\/uploads\/2026\/01\/cover-fotobeco-edicao-5-300x121.webp",300,121,true],"medium_large":["https:\/\/everestdesign.com.br\/homologa\/fotobeco\/wp-content\/uploads\/2026\/01\/cover-fotobeco-edicao-5.webp",768,310,false],"large":["https:\/\/everestdesign.com.br\/homologa\/fotobeco\/wp-content\/uploads\/2026\/01\/cover-fotobeco-edicao-5-1024x414.webp",950,384,true],"1536x1536":["https:\/\/everestdesign.com.br\/homologa\/fotobeco\/wp-content\/uploads\/2026\/01\/cover-fotobeco-edicao-5.webp",1267,512,false],"2048x2048":["https:\/\/everestdesign.com.br\/homologa\/fotobeco\/wp-content\/uploads\/2026\/01\/cover-fotobeco-edicao-5.webp",1267,512,false],"inspiro-featured-image":["https:\/\/everestdesign.com.br\/homologa\/fotobeco\/wp-content\/uploads\/2026\/01\/cover-fotobeco-edicao-5.webp",1267,512,false],"inspiro-loop":["https:\/\/everestdesign.com.br\/homologa\/fotobeco\/wp-content\/uploads\/2026\/01\/cover-fotobeco-edicao-5-950x320.webp",950,320,true],"inspiro-loop@2x":["https:\/\/everestdesign.com.br\/homologa\/fotobeco\/wp-content\/uploads\/2026\/01\/cover-fotobeco-edicao-5.webp",1267,512,false],"portfolio_item-thumbnail":["https:\/\/everestdesign.com.br\/homologa\/fotobeco\/wp-content\/uploads\/2026\/01\/cover-fotobeco-edicao-5-600x400.webp",600,400,true],"portfolio_item-thumbnail@2x":["https:\/\/everestdesign.com.br\/homologa\/fotobeco\/wp-content\/uploads\/2026\/01\/cover-fotobeco-edicao-5-1200x512.webp",1200,512,true],"portfolio_item-masonry":["https:\/\/everestdesign.com.br\/homologa\/fotobeco\/wp-content\/uploads\/2026\/01\/cover-fotobeco-edicao-5-600x242.webp",600,242,true],"portfolio_item-masonry@2x":["https:\/\/everestdesign.com.br\/homologa\/fotobeco\/wp-content\/uploads\/2026\/01\/cover-fotobeco-edicao-5-1200x485.webp",1200,485,true],"portfolio_item-thumbnail_cinema":["https:\/\/everestdesign.com.br\/homologa\/fotobeco\/wp-content\/uploads\/2026\/01\/cover-fotobeco-edicao-5-800x335.webp",800,335,true],"portfolio_item-thumbnail_portrait":["https:\/\/everestdesign.com.br\/homologa\/fotobeco\/wp-content\/uploads\/2026\/01\/cover-fotobeco-edicao-5-600x512.webp",600,512,true],"portfolio_item-thumbnail_portrait@2x":["https:\/\/everestdesign.com.br\/homologa\/fotobeco\/wp-content\/uploads\/2026\/01\/cover-fotobeco-edicao-5-1200x512.webp",1200,512,true],"portfolio_item-thumbnail_square":["https:\/\/everestdesign.com.br\/homologa\/fotobeco\/wp-content\/uploads\/2026\/01\/cover-fotobeco-edicao-5-800x512.webp",800,512,true]},"_links":{"self":[{"href":"https:\/\/everestdesign.com.br\/homologa\/fotobeco\/wp-json\/wp\/v2\/portfolio_item\/7658","targetHints":{"allow":["GET"]}}],"collection":[{"href":"https:\/\/everestdesign.com.br\/homologa\/fotobeco\/wp-json\/wp\/v2\/portfolio_item"}],"about":[{"href":"https:\/\/everestdesign.com.br\/homologa\/fotobeco\/wp-json\/wp\/v2\/types\/portfolio_item"}],"author":[{"embeddable":true,"href":"https:\/\/everestdesign.com.br\/homologa\/fotobeco\/wp-json\/wp\/v2\/users\/1"}],"version-history":[{"count":74,"href":"https:\/\/everestdesign.com.br\/homologa\/fotobeco\/wp-json\/wp\/v2\/portfolio_item\/7658\/revisions"}],"predecessor-version":[{"id":7976,"href":"https:\/\/everestdesign.com.br\/homologa\/fotobeco\/wp-json\/wp\/v2\/portfolio_item\/7658\/revisions\/7976"}],"wp:featuredmedia":[{"embeddable":true,"href":"https:\/\/everestdesign.com.br\/homologa\/fotobeco\/wp-json\/wp\/v2\/media\/7666"}],"wp:attachment":[{"href":"https:\/\/everestdesign.com.br\/homologa\/fotobeco\/wp-json\/wp\/v2\/media?parent=7658"}],"wp:term":[{"taxonomy":"portfolio","embeddable":true,"href":"https:\/\/everestdesign.com.br\/homologa\/fotobeco\/wp-json\/wp\/v2\/portfolio?post=7658"}],"curies":[{"name":"wp","href":"https:\/\/api.w.org\/{rel}","templated":true}]}}